{"id":1208,"date":"2021-09-17T10:40:58","date_gmt":"2021-09-17T13:40:58","guid":{"rendered":"http:\/\/sinicesp.org.br\/?page_id=1208"},"modified":"2024-06-28T11:27:29","modified_gmt":"2024-06-28T14:27:29","slug":"inclusao","status":"publish","type":"page","link":"https:\/\/sinicesp.org.br\/index.php\/inclusao\/","title":{"rendered":"Inclus\u00e3o Profissional"},"content":{"rendered":"\n<section class=\"wp-block-uagb-section uagb-section__wrap uagb-section__background-none uagb-block-6b6d5dff\"><div class=\"uagb-section__overlay\"><\/div><div class=\"uagb-section__inner-wrap\">\n<div class=\"wp-block-columns is-layout-flex wp-container-core-columns-is-layout-28f84493 wp-block-columns-is-layout-flex\">\n<div class=\"wp-block-column is-layout-flow wp-block-column-is-layout-flow\" style=\"flex-basis:100%\">\n<p style=\"font-size:14px\">A coloca\u00e7\u00e3o profissional de pessoas com defici\u00eancia constitui-se uma a\u00e7\u00e3o importante para empresas que buscam a promo\u00e7\u00e3o de seus empregados e colaboradores de forma igualit\u00e1ria.<br><br>As ind\u00fastrias do setor da constru\u00e7\u00e3o pesada h\u00e1 muito tempo j\u00e1 se dedicam em discutir e promover iniciativas que tragam efeitos reais, com processos de qualifica\u00e7\u00e3o e oferecimento de vagas aos profissionais com defici\u00eancia. <br><br>Neste hotsite voc\u00ea pode acompanhar informa\u00e7\u00f5es e atividades desenvolvidas pelo Grupo de Trabalho Sobre a Inclus\u00e3o da Pessoa com Defici\u00eancia, sempre com o objetivo de poder dar cumprimento ao artigo 93 da Lei n\u00ba 8.213\/91 (Lei de Cotas).<\/p>\n<\/div>\n<\/div>\n\n\n\n<div style=\"height:20px\" aria-hidden=\"true\" class=\"wp-block-spacer\"><\/div>\n<\/div><\/section>\n\n\n\n<section class=\"wp-block-uagb-columns uagb-columns__wrap uagb-columns__background-none uagb-columns__stack-mobile uagb-columns__valign- uagb-columns__gap-10 alignfull uagb-block-d0a08419 uagb-columns__columns-3 uagb-columns__max_width-theme\"><div class=\"uagb-columns__overlay\"><\/div><div class=\"uagb-columns__inner-wrap uagb-columns__columns-3\">\n<div class=\"wp-block-uagb-column uagb-column__wrap uagb-column__background-color uagb-block-af9a843e\"><div class=\"uagb-column__overlay\"><\/div>\n<div id=\"section-gf4175f\" class=\"wp-block-gutentor-e1 alignfull section-gf4175f gutentor-element gutentor-element-advanced-text text-align-center-desktop text-align-center-tablet text-align-center-mobile\"><div class=\"gutentor-text-wrap\"><h4 class=\"gutentor-text\"><strong>Acompanhe<\/strong><\/h4><\/div><\/div>\n\n\n\n<div style=\"height:20px\" aria-hidden=\"true\" class=\"wp-block-spacer\"><\/div>\n\n\n<section class=\"gutentor-post-module section-3a04ac0a-c5c5-4a3d-a845-6d44701cae0c gutentor-post-module-p1 gutentor_p1_template1 alignfull wp-block-gutentor-p1  has-color-bg has-custom-bg gutentor-enabled-width gutentor-blog-list\" id=\"3a04ac0a-c5c5-4a3d-a845-6d44701cae0c\" data-gbid=\"3a04ac0a-c5c5-4a3d-a845-6d44701cae0c\">\n<div class='grid-container'><div class='grid-row'><article class='gutentor-post gutentor-post-no-thumb  text-align-left-desktop'><div class='gutentor-post-item'><div class=\"gutentor-post-content\"><div class=\"gutentor-entry-meta gutentor-entry-meta-primary\"><div class=\"gutentor-meta-categories\"><i class=\"fas fa-tags\"><\/i><a href=\"https:\/\/sinicesp.org.br\/index.php\/tag\/noticia\/\" rel=\"tag\">NOT\u00cdCIA<\/a><\/div><\/div><h4 class=\"gutentor-post-title\"><a href=\"https:\/\/sinicesp.org.br\/index.php\/2025\/08\/08\/formacao-e-empregabilidade-para-pessoas-com-deficiencia\/\" rel=\"bookmark\">Forma\u00e7\u00e3o e empregabilidade para pessoas com defici\u00eancia<\/a><\/h4><\/div><\/div><\/article><article class='gutentor-post gutentor-post-no-thumb  text-align-left-desktop'><div class='gutentor-post-item'><div class=\"gutentor-post-content\"><div class=\"gutentor-entry-meta gutentor-entry-meta-primary\"><div class=\"gutentor-meta-categories\"><i class=\"fas fa-tags\"><\/i><a href=\"https:\/\/sinicesp.org.br\/index.php\/tag\/noticia\/\" rel=\"tag\">NOT\u00cdCIA<\/a><\/div><\/div><h4 class=\"gutentor-post-title\"><a href=\"https:\/\/sinicesp.org.br\/index.php\/2025\/08\/08\/sentenca-condena-empresa-por-descumprimento-reiterado-de-cotas-para-pessoas-com-deficiencia\/\" rel=\"bookmark\">Senten\u00e7a condena empresa por descumprimento reiterado de cotas para pessoas com defici\u00eancia<\/a><\/h4><\/div><\/div><\/article><article class='gutentor-post gutentor-post-no-thumb  text-align-left-desktop'><div class='gutentor-post-item'><div class=\"gutentor-post-content\"><div class=\"gutentor-entry-meta gutentor-entry-meta-primary\"><div class=\"gutentor-meta-categories\"><i class=\"fas fa-tags\"><\/i><a href=\"https:\/\/sinicesp.org.br\/index.php\/tag\/noticia\/\" rel=\"tag\">NOT\u00cdCIA<\/a><\/div><\/div><h4 class=\"gutentor-post-title\"><a href=\"https:\/\/sinicesp.org.br\/index.php\/2025\/06\/27\/pouco-mais-da-metade-das-vagas-determinadas-por-lei-para-pessoas-com-deficiencia-estao-preenchidas-em-sp\/\" rel=\"bookmark\">Pouco mais da metade das vagas determinadas por lei para pessoas com defici\u00eancia est\u00e3o preenchidas em SP<\/a><\/h4><\/div><\/div><\/article><\/div><\/div><\/section>\n\n\n<p class=\"has-text-align-right\"> <strong><a href=\"https:\/\/sinicesp.org.br\/index.php\/noticias\/\">Todas as not\u00edcias<\/a><\/strong><a href=\"https:\/\/sinicesp.org.br\/index.php\/sinimail\/\"> <\/a> <\/p>\n<\/div>\n\n\n\n<div class=\"wp-block-uagb-column uagb-column__wrap uagb-column__background-undefined uagb-block-22375ded\"><div class=\"uagb-column__overlay\"><\/div><\/div>\n\n\n\n<div class=\"wp-block-uagb-column uagb-column__wrap uagb-column__background-color uagb-block-fbc9063a\"><div class=\"uagb-column__overlay\"><\/div>\n<figure class=\"wp-block-image alignfull size-full\"><a href=\"https:\/\/sinicesp.org.br\/index.php\/2020\/08\/17\/parceria-entre-sinicesp-e-instituto-rumo-vai-facilitar-a-inclusao-de-profissionais-com-deficiencia-no-mercado-de-trabalho-e-o-cumprimento-da-lei-de-cotas\/\"><img loading=\"lazy\" decoding=\"async\" width=\"300\" height=\"100\" src=\"https:\/\/sinicesp.org.br\/wp-content\/uploads\/2021\/11\/parceria-ir-.jpg\" alt=\"\" class=\"wp-image-1641\"\/><\/a><\/figure>\n\n\n\n<div style=\"height:20px\" aria-hidden=\"true\" class=\"wp-block-spacer\"><\/div>\n\n\n\n<div id=\"section-g872db3\" class=\"wp-block-gutentor-e1 alignfull section-g872db3 gutentor-element gutentor-element-advanced-text text-align-center-desktop text-align-center-tablet text-align-center-mobile\"><div class=\"gutentor-text-wrap\"><h4 class=\"gutentor-text\"><strong>Saiba mais<\/strong><\/h4><\/div><\/div>\n\n\n\n<div style=\"height:20px\" aria-hidden=\"true\" class=\"wp-block-spacer\"><\/div>\n\n\n\n<figure class=\"wp-block-embed is-type-video is-provider-youtube wp-block-embed-youtube wp-embed-aspect-16-9 wp-has-aspect-ratio\"><div class=\"wp-block-embed__wrapper\">\n<iframe loading=\"lazy\" title=\"Inova\u00e7\u00e3o e coopera\u00e7\u00e3o para incluir PcD no setor da constru\u00e7\u00e3o pesada\" width=\"500\" height=\"281\" src=\"https:\/\/www.youtube.com\/embed\/JFODqLTE1mU?feature=oembed\" frameborder=\"0\" allow=\"accelerometer; autoplay; clipboard-write; encrypted-media; gyroscope; picture-in-picture; web-share\" referrerpolicy=\"strict-origin-when-cross-origin\" allowfullscreen><\/iframe>\n<\/div><figcaption class=\"wp-element-caption\">Inova\u00e7\u00e3o e coopera\u00e7\u00e3o para incluir PcD no setor da constru\u00e7\u00e3o pesada<\/figcaption><\/figure>\n<\/div>\n<\/div><\/section>\n\n\n\n<div class=\"wp-block-group alignwide is-layout-constrained wp-container-core-group-is-layout-637275ab wp-block-group-is-layout-constrained\" style=\"padding-top:var(--wp--preset--spacing--20);padding-bottom:var(--wp--preset--spacing--20)\"><div class=\"wp-block-group__inner-container\">\n<div id=\"section-ga79968\" class=\"wp-block-gutentor-e1 alignfull section-ga79968 gutentor-element gutentor-element-advanced-text text-align-center-desktop text-align-center-tablet text-align-center-mobile\"><div class=\"gutentor-text-wrap\"><h4 class=\"gutentor-text\"><strong>Newsletter<\/strong><\/h4><\/div><\/div>\n\n\n\n<div style=\"height:30px\" aria-hidden=\"true\" class=\"wp-block-spacer\"><\/div>\n\n\n\n<p style=\"font-size:14px\"> Assine nossa newsletter e receba as not\u00edcias sobre inclus\u00e3o profissional de pessoas com defici\u00eancia.<\/p>\n\n\n<div class=\"wpforms-container wpforms-container-full wpforms-block wpforms-block-944e7922-423b-44f9-92a4-0df3f1631af1\" id=\"wpforms-5211\"><form id=\"wpforms-form-5211\" class=\"wpforms-validate wpforms-form\" data-formid=\"5211\" method=\"post\" enctype=\"multipart\/form-data\" action=\"\/index.php\/wp-json\/wp\/v2\/pages\/1208\" data-token=\"e5ff90212a31d752786a90fd69276ec3\" data-token-time=\"1777296005\"><noscript class=\"wpforms-error-noscript\">Ative o JavaScript no seu navegador para preencher este formul\u00e1rio.<\/noscript><div class=\"wpforms-field-container\"><div id=\"wpforms-5211-field_2-container\" class=\"wpforms-field wpforms-field-name wpforms-one-third wpforms-first\" data-field-id=\"2\"><label class=\"wpforms-field-label\" for=\"wpforms-5211-field_2\">Nome <span class=\"wpforms-required-label\">*<\/span><\/label><input type=\"text\" id=\"wpforms-5211-field_2\" class=\"wpforms-field-medium wpforms-field-required\" name=\"wpforms[fields][2]\" required><\/div><div id=\"wpforms-5211-field_3-container\" class=\"wpforms-field wpforms-field-email wpforms-one-third\" data-field-id=\"3\"><label class=\"wpforms-field-label\" for=\"wpforms-5211-field_3\">E-mail <span class=\"wpforms-required-label\">*<\/span><\/label><input type=\"email\" id=\"wpforms-5211-field_3\" class=\"wpforms-field-medium wpforms-field-required\" name=\"wpforms[fields][3]\" spellcheck=\"false\" required><\/div><div id=\"wpforms-5211-field_5-container\" class=\"wpforms-field wpforms-field-text wpforms-one-third\" data-field-id=\"5\"><label class=\"wpforms-field-label\" for=\"wpforms-5211-field_5\">Empresa<\/label><input type=\"text\" id=\"wpforms-5211-field_5\" class=\"wpforms-field-medium\" name=\"wpforms[fields][5]\" ><\/div><\/div><!-- .wpforms-field-container --><div class=\"wpforms-recaptcha-container wpforms-is-hcaptcha\" ><div class=\"h-captcha\" data-sitekey=\"e2613411-c094-4905-90a6-ace4ee980d69\"><\/div><input type=\"text\" name=\"g-recaptcha-hidden\" class=\"wpforms-recaptcha-hidden\" style=\"position:absolute!important;clip:rect(0,0,0,0)!important;height:1px!important;width:1px!important;border:0!important;overflow:hidden!important;padding:0!important;margin:0!important;\" data-rule-hcaptcha=\"1\"><\/div><div class=\"wpforms-submit-container\" ><input type=\"hidden\" name=\"wpforms[id]\" value=\"5211\"><input type=\"hidden\" name=\"page_title\" value=\"\"><input type=\"hidden\" name=\"page_url\" value=\"https:\/\/sinicesp.org.br\/index.php\/wp-json\/wp\/v2\/pages\/1208\"><input type=\"hidden\" name=\"url_referer\" value=\"\"><button type=\"submit\" name=\"wpforms[submit]\" id=\"wpforms-submit-5211\" class=\"wpforms-submit\" data-alt-text=\"Enviando solicita\u00e7\u00e3o...\" data-submit-text=\"Assinar\" aria-live=\"assertive\" value=\"wpforms-submit\">Assinar<\/button><\/div><\/form><\/div>  <!-- .wpforms-container --><\/div><\/div>\n\n\n\n<div style=\"height:30px\" aria-hidden=\"true\" class=\"wp-block-spacer\"><\/div>\n","protected":false},"excerpt":{"rendered":"<p>Todas as not\u00edcias Assine nossa newsletter e receba as not\u00edcias sobre inclus\u00e3o profissional de pessoas com defici\u00eancia.<\/p>\n","protected":false},"author":1,"featured_media":0,"parent":0,"menu_order":0,"comment_status":"closed","ping_status":"closed","template":"","meta":{"om_disable_all_campaigns":false,"_uag_custom_page_level_css":"","_monsterinsights_skip_tracking":false,"_monsterinsights_sitenote_active":false,"_monsterinsights_sitenote_note":"","_monsterinsights_sitenote_category":0,"site-sidebar-layout":"default","site-content-layout":"plain-container","ast-site-content-layout":"normal-width-container","site-content-style":"unboxed","site-sidebar-style":"unboxed","ast-global-header-display":"","ast-banner-title-visibility":"","ast-main-header-display":"","ast-hfb-above-header-display":"","ast-hfb-below-header-display":"","ast-hfb-mobile-header-display":"","site-post-title":"disabled","ast-breadcrumbs-content":"","ast-featured-img":"","footer-sml-layout":"","ast-disable-related-posts":"","theme-transparent-header-meta":"default","adv-header-id-meta":"","stick-header-meta":"","header-above-stick-meta":"","header-main-stick-meta":"","header-below-stick-meta":"","astra-migrate-meta-layouts":"set","ast-page-background-enabled":"default","ast-page-background-meta":{"desktop":{"background-color":"","background-image":"","background-repeat":"repeat","background-position":"center center","background-size":"auto","background-attachment":"scroll","background-type":"","background-media":"","overlay-type":"","overlay-color":"","overlay-opacity":"","overlay-gradient":""},"tablet":{"background-color":"","background-image":"","background-repeat":"repeat","background-position":"center center","background-size":"auto","background-attachment":"scroll","background-type":"","background-media":"","overlay-type":"","overlay-color":"","overlay-opacity":"","overlay-gradient":""},"mobile":{"background-color":"","background-image":"","background-repeat":"repeat","background-position":"center center","background-size":"auto","background-attachment":"scroll","background-type":"","background-media":"","overlay-type":"","overlay-color":"","overlay-opacity":"","overlay-gradient":""}},"ast-content-background-meta":{"desktop":{"background-color":"var(--ast-global-color-5)","background-image":"","background-repeat":"repeat","background-position":"center center","background-size":"auto","background-attachment":"scroll","background-type":"","background-media":"","overlay-type":"","overlay-color":"","overlay-opacity":"","overlay-gradient":""},"tablet":{"background-color":"var(--ast-global-color-5)","background-image":"","background-repeat":"repeat","background-position":"center center","background-size":"auto","background-attachment":"scroll","background-type":"","background-media":"","overlay-type":"","overlay-color":"","overlay-opacity":"","overlay-gradient":""},"mobile":{"background-color":"var(--ast-global-color-5)","background-image":"","background-repeat":"repeat","background-position":"center center","background-size":"auto","background-attachment":"scroll","background-type":"","background-media":"","overlay-type":"","overlay-color":"","overlay-opacity":"","overlay-gradient":""}},"footnotes":""},"class_list":["post-1208","page","type-page","status-publish","hentry"],"aioseo_notices":[],"uagb_featured_image_src":{"full":false,"thumbnail":false,"medium":false,"medium_large":false,"large":false,"1536x1536":false,"2048x2048":false},"uagb_author_info":{"display_name":"Rodrigo","author_link":"https:\/\/sinicesp.org.br\/index.php\/author\/sinicesp\/"},"uagb_comment_info":0,"uagb_excerpt":"Todas as not\u00edcias Assine nossa newsletter e receba as not\u00edcias sobre inclus\u00e3o profissional de pessoas com defici\u00eancia.","_links":{"self":[{"href":"https:\/\/sinicesp.org.br\/index.php\/wp-json\/wp\/v2\/pages\/1208","targetHints":{"allow":["GET"]}}],"collection":[{"href":"https:\/\/sinicesp.org.br\/index.php\/wp-json\/wp\/v2\/pages"}],"about":[{"href":"https:\/\/sinicesp.org.br\/index.php\/wp-json\/wp\/v2\/types\/page"}],"author":[{"embeddable":true,"href":"https:\/\/sinicesp.org.br\/index.php\/wp-json\/wp\/v2\/users\/1"}],"replies":[{"embeddable":true,"href":"https:\/\/sinicesp.org.br\/index.php\/wp-json\/wp\/v2\/comments?post=1208"}],"version-history":[{"count":0,"href":"https:\/\/sinicesp.org.br\/index.php\/wp-json\/wp\/v2\/pages\/1208\/revisions"}],"wp:attachment":[{"href":"https:\/\/sinicesp.org.br\/index.php\/wp-json\/wp\/v2\/media?parent=1208"}],"curies":[{"name":"wp","href":"https:\/\/api.w.org\/{rel}","templated":true}]}}