{"id":1637,"date":"2021-11-08T10:15:58","date_gmt":"2021-11-08T13:15:58","guid":{"rendered":"http:\/\/sinicesp.org.br\/?page_id=1637"},"modified":"2022-04-04T11:06:05","modified_gmt":"2022-04-04T14:06:05","slug":"noticias-inclusao","status":"publish","type":"page","link":"https:\/\/sinicesp.org.br\/index.php\/noticias-inclusao\/","title":{"rendered":"Not\u00edcias inclus\u00e3o"},"content":{"rendered":"\n<section class=\"wp-block-uagb-section uagb-section__wrap uagb-section__background-undefined alignfull uagb-block-9e3e6564\"><div class=\"uagb-section__overlay\"><\/div><div class=\"uagb-section__inner-wrap\">\n<div id=\"section-g084c77\" class=\"wp-block-gutentor-e1 section-g084c77 gutentor-element gutentor-element-advanced-text text-align-center-desktop\"><div class=\"gutentor-text-wrap\"><h2 class=\"gutentor-text\"><strong>\u00daltimas Not\u00edcias<\/strong><\/h2><\/div><\/div>\n\n\n\n<div style=\"height:15px\" aria-hidden=\"true\" class=\"wp-block-spacer\"><\/div>\n\n\n\n<section id=\"g0f00af\" class=\"wp-block-gutentor-p4 section-g0f00af gutentor-post-module gutentor-advanced-post-module\" data-gpid=\"1637\" data-l-ani=\"gp4-animation-1\" data-i-b=\"gutentor\/p1\" data-maxnumpages=\"3\">\n<div id=\"section-gf902b7\" class=\"wp-block-gutentor-e16 section-gf902b7 gutentor-element gutentor-post-header\"><div class=\"grid-container\"><div class=\"grid-row\">\n<div id=\"col-gm4ccab9\" class=\"wp-block-gutentor-e15 gutentor-single-column  grid-lg-5 grid-md-5 grid-5\"><div id=\"section-gm4ccab9\" class=\"section-gm4ccab9 gutentor-col-wrap\"><\/div><\/div>\n\n\n\n<div id=\"col-gmf68d19\" class=\"wp-block-gutentor-e15 gutentor-single-column  grid-lg-5 grid-md-5 grid-5\"><div id=\"section-gmf68d19\" class=\"section-gmf68d19 gutentor-col-wrap\"><\/div><\/div>\n\n\n\n<div id=\"col-gm7b4cb9\" class=\"wp-block-gutentor-e15 gutentor-single-column  grid-lg-2 grid-md-2 grid-2\"><div id=\"section-gm7b4cb9\" class=\"section-gm7b4cb9 gutentor-col-wrap\"><\/div><\/div>\n<\/div><\/div><\/div>\n\n\n<section class=\"gutentor-post-module section-5fd79809-86dc-496f-9831-d41689b4edaf gutentor-post-module-p1 gutentor_p1_template1 wp-block-gutentor-p1  gutentor-enabled-width gutentor-blog-list\" id=\"5fd79809-86dc-496f-9831-d41689b4edaf\" data-gbid=\"5fd79809-86dc-496f-9831-d41689b4edaf\">\n<div class='grid-container'><div class='grid-row'><article class='gutentor-post gutentor-post-no-thumb'><div class='gutentor-post-item'><div class=\"gutentor-post-content\"><div class=\"gutentor-entry-meta gutentor-entry-meta-primary\"><div class=\"gutentor-meta-categories\"><i class=\"fas fa-tags\"><\/i><a href=\"https:\/\/sinicesp.org.br\/index.php\/tag\/noticia\/\" rel=\"tag\">NOT\u00cdCIA<\/a><\/div><div class=\"posted-on\"><i class=\"far fa-calendar-alt\"><\/i><a href=\"https:\/\/sinicesp.org.br\/index.php\/2025\/08\/08\/formacao-e-empregabilidade-para-pessoas-com-deficiencia\/\" rel=\"bookmark\">08\/08\/2025<\/a><\/div><\/div><div class=\"gutentor-post-title-data-wrap\"><h3 class=\"gutentor-post-title\"><a href=\"https:\/\/sinicesp.org.br\/index.php\/2025\/08\/08\/formacao-e-empregabilidade-para-pessoas-com-deficiencia\/\" rel=\"bookmark\">Forma\u00e7\u00e3o e empregabilidade para pessoas com defici\u00eancia<\/a><\/h3><\/div><div class=\"gutentor-post-desc\">Inscreva-se no ACCIONA Bootcamp oferecido em parceria com a SoulCode exclusivo para pessoas com defici\u00eancia.&hellip;<\/div><a class=\"gutentor-button gutentor-post-button\" href=\"https:\/\/sinicesp.org.br\/index.php\/2025\/08\/08\/formacao-e-empregabilidade-para-pessoas-com-deficiencia\/\"><span>LEIA MAIS<\/span><\/a><\/div><\/div><\/article><article class='gutentor-post gutentor-post-no-thumb'><div class='gutentor-post-item'><div class=\"gutentor-post-content\"><div class=\"gutentor-entry-meta gutentor-entry-meta-primary\"><div class=\"gutentor-meta-categories\"><i class=\"fas fa-tags\"><\/i><a href=\"https:\/\/sinicesp.org.br\/index.php\/tag\/noticia\/\" rel=\"tag\">NOT\u00cdCIA<\/a><\/div><div class=\"posted-on\"><i class=\"far fa-calendar-alt\"><\/i><a href=\"https:\/\/sinicesp.org.br\/index.php\/2025\/08\/08\/sentenca-condena-empresa-por-descumprimento-reiterado-de-cotas-para-pessoas-com-deficiencia\/\" rel=\"bookmark\">08\/08\/2025<\/a><\/div><\/div><div class=\"gutentor-post-title-data-wrap\"><h3 class=\"gutentor-post-title\"><a href=\"https:\/\/sinicesp.org.br\/index.php\/2025\/08\/08\/sentenca-condena-empresa-por-descumprimento-reiterado-de-cotas-para-pessoas-com-deficiencia\/\" rel=\"bookmark\">Senten\u00e7a condena empresa por descumprimento reiterado de cotas para pessoas com defici\u00eancia<\/a><\/h3><\/div><div class=\"gutentor-post-desc\">Empresa de servi\u00e7os terceirizados foi condenada ao pagamento R$ 500 mil em indeniza\u00e7\u00e3o por danos morais coletivos.&hellip;<\/div><a class=\"gutentor-button gutentor-post-button\" href=\"https:\/\/sinicesp.org.br\/index.php\/2025\/08\/08\/sentenca-condena-empresa-por-descumprimento-reiterado-de-cotas-para-pessoas-com-deficiencia\/\"><span>LEIA MAIS<\/span><\/a><\/div><\/div><\/article><article class='gutentor-post gutentor-post-no-thumb'><div class='gutentor-post-item'><div class=\"gutentor-post-content\"><div class=\"gutentor-entry-meta gutentor-entry-meta-primary\"><div class=\"gutentor-meta-categories\"><i class=\"fas fa-tags\"><\/i><a href=\"https:\/\/sinicesp.org.br\/index.php\/tag\/noticia\/\" rel=\"tag\">NOT\u00cdCIA<\/a><\/div><div class=\"posted-on\"><i class=\"far fa-calendar-alt\"><\/i><a href=\"https:\/\/sinicesp.org.br\/index.php\/2025\/06\/27\/pouco-mais-da-metade-das-vagas-determinadas-por-lei-para-pessoas-com-deficiencia-estao-preenchidas-em-sp\/\" rel=\"bookmark\">27\/06\/2025<\/a><\/div><\/div><div class=\"gutentor-post-title-data-wrap\"><h3 class=\"gutentor-post-title\"><a href=\"https:\/\/sinicesp.org.br\/index.php\/2025\/06\/27\/pouco-mais-da-metade-das-vagas-determinadas-por-lei-para-pessoas-com-deficiencia-estao-preenchidas-em-sp\/\" rel=\"bookmark\">Pouco mais da metade das vagas determinadas por lei para pessoas com defici\u00eancia est\u00e3o preenchidas em SP<\/a><\/h3><\/div><div class=\"gutentor-post-desc\">Com potencial de preencher 398,4 mil vagas para pessoas com defici\u00eancia, apenas 205,8 mil (52%) est\u00e3o efetivamente preenchidas no Estado de S\u00e3o Paulo.&hellip;<\/div><a class=\"gutentor-button gutentor-post-button\" href=\"https:\/\/sinicesp.org.br\/index.php\/2025\/06\/27\/pouco-mais-da-metade-das-vagas-determinadas-por-lei-para-pessoas-com-deficiencia-estao-preenchidas-em-sp\/\"><span>LEIA MAIS<\/span><\/a><\/div><\/div><\/article><article class='gutentor-post gutentor-post-no-thumb'><div class='gutentor-post-item'><div class=\"gutentor-post-content\"><div class=\"gutentor-entry-meta gutentor-entry-meta-primary\"><div class=\"gutentor-meta-categories\"><i class=\"fas fa-tags\"><\/i><a href=\"https:\/\/sinicesp.org.br\/index.php\/tag\/noticia\/\" rel=\"tag\">NOT\u00cdCIA<\/a><\/div><div class=\"posted-on\"><i class=\"far fa-calendar-alt\"><\/i><a href=\"https:\/\/sinicesp.org.br\/index.php\/2025\/06\/13\/censo-2022-aponta-que-brasil-tem-144-milhoes-de-pessoas-com-deficiencia\/\" rel=\"bookmark\">13\/06\/2025<\/a><\/div><\/div><div class=\"gutentor-post-title-data-wrap\"><h3 class=\"gutentor-post-title\"><a href=\"https:\/\/sinicesp.org.br\/index.php\/2025\/06\/13\/censo-2022-aponta-que-brasil-tem-144-milhoes-de-pessoas-com-deficiencia\/\" rel=\"bookmark\">Censo 2022 aponta que Brasil tem 14,4 milh\u00f5es de pessoas com defici\u00eancia<\/a><\/h3><\/div><div class=\"gutentor-post-desc\">Os dados preliminares da amostra mostram que o Brasil tinha um n\u00famero que corresponde a 7,3% de pessoas com defici\u00eancia com dois anos ou mais de idade na popula\u00e7\u00e3o.&hellip;<\/div><a class=\"gutentor-button gutentor-post-button\" href=\"https:\/\/sinicesp.org.br\/index.php\/2025\/06\/13\/censo-2022-aponta-que-brasil-tem-144-milhoes-de-pessoas-com-deficiencia\/\"><span>LEIA MAIS<\/span><\/a><\/div><\/div><\/article><article class='gutentor-post gutentor-post-no-thumb'><div class='gutentor-post-item'><div class=\"gutentor-post-content\"><div class=\"gutentor-entry-meta gutentor-entry-meta-primary\"><div class=\"gutentor-meta-categories\"><i class=\"fas fa-tags\"><\/i><a href=\"https:\/\/sinicesp.org.br\/index.php\/tag\/noticia\/\" rel=\"tag\">NOT\u00cdCIA<\/a><\/div><div class=\"posted-on\"><i class=\"far fa-calendar-alt\"><\/i><a href=\"https:\/\/sinicesp.org.br\/index.php\/2025\/05\/16\/senado-aprova-instituicao-do-simbolo-internacional-de-acessibilidade\/\" rel=\"bookmark\">16\/05\/2025<\/a><\/div><\/div><div class=\"gutentor-post-title-data-wrap\"><h3 class=\"gutentor-post-title\"><a href=\"https:\/\/sinicesp.org.br\/index.php\/2025\/05\/16\/senado-aprova-instituicao-do-simbolo-internacional-de-acessibilidade\/\" rel=\"bookmark\">Senado aprova institui\u00e7\u00e3o do s\u00edmbolo internacional de acessibilidade<\/a><\/h3><\/div><div class=\"gutentor-post-desc\">O projeto de lei aprovado pela Casa substitui o s\u00edmbolo de acessibilidade com cadeira de rodas pelo novo desenvolvido pela ONU em 2015.&hellip;<\/div><a class=\"gutentor-button gutentor-post-button\" href=\"https:\/\/sinicesp.org.br\/index.php\/2025\/05\/16\/senado-aprova-instituicao-do-simbolo-internacional-de-acessibilidade\/\"><span>LEIA MAIS<\/span><\/a><\/div><\/div><\/article><article class='gutentor-post gutentor-post-no-thumb'><div class='gutentor-post-item'><div class=\"gutentor-post-content\"><div class=\"gutentor-entry-meta gutentor-entry-meta-primary\"><div class=\"gutentor-meta-categories\"><i class=\"fas fa-tags\"><\/i><a href=\"https:\/\/sinicesp.org.br\/index.php\/tag\/noticia\/\" rel=\"tag\">NOT\u00cdCIA<\/a><\/div><div class=\"posted-on\"><i class=\"far fa-calendar-alt\"><\/i><a href=\"https:\/\/sinicesp.org.br\/index.php\/2025\/05\/12\/comissao-apresenta-proposta-que-cria-o-codigo-brasileiro-de-inclusao-reunindo-leis-sobre-pessoas-com-deficiencia\/\" rel=\"bookmark\">12\/05\/2025<\/a><\/div><\/div><div class=\"gutentor-post-title-data-wrap\"><h3 class=\"gutentor-post-title\"><a href=\"https:\/\/sinicesp.org.br\/index.php\/2025\/05\/12\/comissao-apresenta-proposta-que-cria-o-codigo-brasileiro-de-inclusao-reunindo-leis-sobre-pessoas-com-deficiencia\/\" rel=\"bookmark\">Comiss\u00e3o apresenta proposta que cria o C\u00f3digo Brasileiro de Inclus\u00e3o reunindo leis sobre pessoas com defici\u00eancia<\/a><\/h3><\/div><div class=\"gutentor-post-desc\">Projeto consolida a legisla\u00e7\u00e3o sobre o tema e ser\u00e1 analisado pela C\u00e2mara dos Deputados. Movimentos sociais e institui\u00e7\u00f5es que defendem os direitos das pessoas com defici\u00eancia enviam Nota de Rep\u00fadio ao&hellip;<\/div><a class=\"gutentor-button gutentor-post-button\" href=\"https:\/\/sinicesp.org.br\/index.php\/2025\/05\/12\/comissao-apresenta-proposta-que-cria-o-codigo-brasileiro-de-inclusao-reunindo-leis-sobre-pessoas-com-deficiencia\/\"><span>LEIA MAIS<\/span><\/a><\/div><\/div><\/article><article class='gutentor-post gutentor-post-no-thumb'><div class='gutentor-post-item'><div class=\"gutentor-post-content\"><div class=\"gutentor-entry-meta gutentor-entry-meta-primary\"><div class=\"gutentor-meta-categories\"><i class=\"fas fa-tags\"><\/i><a href=\"https:\/\/sinicesp.org.br\/index.php\/tag\/noticia\/\" rel=\"tag\">NOT\u00cdCIA<\/a><\/div><div class=\"posted-on\"><i class=\"far fa-calendar-alt\"><\/i><a href=\"https:\/\/sinicesp.org.br\/index.php\/2025\/04\/14\/brasil-reforca-compromisso-global-na-cupula-sobre-deficiencia-e-adere-a-declaracao-de-berlim\/\" rel=\"bookmark\">14\/04\/2025<\/a><\/div><\/div><div class=\"gutentor-post-title-data-wrap\"><h3 class=\"gutentor-post-title\"><a href=\"https:\/\/sinicesp.org.br\/index.php\/2025\/04\/14\/brasil-reforca-compromisso-global-na-cupula-sobre-deficiencia-e-adere-a-declaracao-de-berlim\/\" rel=\"bookmark\">Brasil refor\u00e7a compromisso global na C\u00fapula sobre Defici\u00eancia e adere \u00e0 Declara\u00e7\u00e3o de Berlim<\/a><\/h3><\/div><div class=\"gutentor-post-desc\">Documento estabelece meta de inclus\u00e3o de 15% nos projetos de desenvolvimento global voltados para as pessoas com defici\u00eancia; durante dois dias de programa\u00e7\u00e3o, pa\u00eds apresentou avan\u00e7os com o Novo Viver&hellip;<\/div><a class=\"gutentor-button gutentor-post-button\" href=\"https:\/\/sinicesp.org.br\/index.php\/2025\/04\/14\/brasil-reforca-compromisso-global-na-cupula-sobre-deficiencia-e-adere-a-declaracao-de-berlim\/\"><span>LEIA MAIS<\/span><\/a><\/div><\/div><\/article><article class='gutentor-post gutentor-post-no-thumb'><div class='gutentor-post-item'><div class=\"gutentor-post-content\"><div class=\"gutentor-entry-meta gutentor-entry-meta-primary\"><div class=\"gutentor-meta-categories\"><i class=\"fas fa-tags\"><\/i><a href=\"https:\/\/sinicesp.org.br\/index.php\/tag\/noticia\/\" rel=\"tag\">NOT\u00cdCIA<\/a><\/div><div class=\"posted-on\"><i class=\"far fa-calendar-alt\"><\/i><a href=\"https:\/\/sinicesp.org.br\/index.php\/2025\/03\/07\/leis-de-2024-que-fortalecem-os-direitos-das-pessoas-com-deficiencia-e-cumprem-artigos-da-lbi\/\" rel=\"bookmark\">07\/03\/2025<\/a><\/div><\/div><div class=\"gutentor-post-title-data-wrap\"><h3 class=\"gutentor-post-title\"><a href=\"https:\/\/sinicesp.org.br\/index.php\/2025\/03\/07\/leis-de-2024-que-fortalecem-os-direitos-das-pessoas-com-deficiencia-e-cumprem-artigos-da-lbi\/\" rel=\"bookmark\">Leis de 2024 que fortalecem os direitos das pessoas com defici\u00eancia e cumprem artigos da LBI<\/a><\/h3><\/div><div class=\"gutentor-post-desc\">Quatro leis foram aprovadas pelo Senado Federal em 2024.&hellip;<\/div><a class=\"gutentor-button gutentor-post-button\" href=\"https:\/\/sinicesp.org.br\/index.php\/2025\/03\/07\/leis-de-2024-que-fortalecem-os-direitos-das-pessoas-com-deficiencia-e-cumprem-artigos-da-lbi\/\"><span>LEIA MAIS<\/span><\/a><\/div><\/div><\/article><article class='gutentor-post'><div class='gutentor-post-item'><div class='gutentor-post-image-box'><div class=\"gutentor-image-thumb\"><img loading=\"lazy\" decoding=\"async\" width=\"250\" height=\"167\" src=\"https:\/\/sinicesp.org.br\/wp-content\/uploads\/2025\/02\/2025-kal.jpg\" class=\"attachment-full size-full wp-post-image\" alt=\"\" \/><\/div><\/div><div class=\"gutentor-post-content\"><div class=\"gutentor-entry-meta gutentor-entry-meta-primary\"><div class=\"gutentor-meta-categories\"><i class=\"fas fa-tags\"><\/i><a href=\"https:\/\/sinicesp.org.br\/index.php\/tag\/noticia\/\" rel=\"tag\">NOT\u00cdCIA<\/a><\/div><div class=\"posted-on\"><i class=\"far fa-calendar-alt\"><\/i><a href=\"https:\/\/sinicesp.org.br\/index.php\/2025\/02\/03\/dr-kal-anuncia-transicao-em-sua-jornada-em-defesa-da-dignidade-no-trabalho\/\" rel=\"bookmark\">03\/02\/2025<\/a><\/div><\/div><div class=\"gutentor-post-title-data-wrap\"><h3 class=\"gutentor-post-title\"><a href=\"https:\/\/sinicesp.org.br\/index.php\/2025\/02\/03\/dr-kal-anuncia-transicao-em-sua-jornada-em-defesa-da-dignidade-no-trabalho\/\" rel=\"bookmark\">Dr. Kal anuncia transi\u00e7\u00e3o em sua jornada em defesa da dignidade no trabalho<\/a><\/h3><\/div><div class=\"gutentor-post-desc\">Auditor fiscal do Minist\u00e9rio do Trabalho se aposenta, mas continua \u00e0 frente da C\u00e2mara Paulista atuando ativamente pela dignidade de trabalhadores.&hellip;<\/div><a class=\"gutentor-button gutentor-post-button\" href=\"https:\/\/sinicesp.org.br\/index.php\/2025\/02\/03\/dr-kal-anuncia-transicao-em-sua-jornada-em-defesa-da-dignidade-no-trabalho\/\"><span>LEIA MAIS<\/span><\/a><\/div><\/div><\/article><article class='gutentor-post gutentor-post-no-thumb'><div class='gutentor-post-item'><div class=\"gutentor-post-content\"><div class=\"gutentor-entry-meta gutentor-entry-meta-primary\"><div class=\"gutentor-meta-categories\"><i class=\"fas fa-tags\"><\/i><a href=\"https:\/\/sinicesp.org.br\/index.php\/tag\/noticia\/\" rel=\"tag\">NOT\u00cdCIA<\/a><\/div><div class=\"posted-on\"><i class=\"far fa-calendar-alt\"><\/i><a href=\"https:\/\/sinicesp.org.br\/index.php\/2025\/01\/24\/espaco-da-cidadania-organiza-visita-tecnica-sobre-tecnologias-assistivas\/\" rel=\"bookmark\">24\/01\/2025<\/a><\/div><\/div><div class=\"gutentor-post-title-data-wrap\"><h3 class=\"gutentor-post-title\"><a href=\"https:\/\/sinicesp.org.br\/index.php\/2025\/01\/24\/espaco-da-cidadania-organiza-visita-tecnica-sobre-tecnologias-assistivas\/\" rel=\"bookmark\">Espa\u00e7o da Cidadania organiza visita t\u00e9cnica sobre tecnologias assistivas<\/a><\/h3><\/div><div class=\"gutentor-post-desc\">O Espa\u00e7o da Cidadania viabilizar\u00e1 algumas visitas neste ano de 2025, em locais que s\u00e3o motivadores para a inclus\u00e3o profissional de pessoas com defici\u00eancia.\u00a0&hellip;<\/div><a class=\"gutentor-button gutentor-post-button\" href=\"https:\/\/sinicesp.org.br\/index.php\/2025\/01\/24\/espaco-da-cidadania-organiza-visita-tecnica-sobre-tecnologias-assistivas\/\"><span>LEIA MAIS<\/span><\/a><\/div><\/div><\/article><article class='gutentor-post'><div class='gutentor-post-item'><div class='gutentor-post-image-box'><div class=\"gutentor-image-thumb\"><img loading=\"lazy\" decoding=\"async\" width=\"250\" height=\"167\" src=\"https:\/\/sinicesp.org.br\/wp-content\/uploads\/2024\/11\/inclusao-2024-25-destaque.jpg\" class=\"attachment-full size-full wp-post-image\" alt=\"\" \/><\/div><\/div><div class=\"gutentor-post-content\"><div class=\"gutentor-entry-meta gutentor-entry-meta-primary\"><div class=\"gutentor-meta-categories\"><i class=\"fas fa-tags\"><\/i><a href=\"https:\/\/sinicesp.org.br\/index.php\/tag\/noticia\/\" rel=\"tag\">NOT\u00cdCIA<\/a><\/div><div class=\"posted-on\"><i class=\"far fa-calendar-alt\"><\/i><a href=\"https:\/\/sinicesp.org.br\/index.php\/2024\/11\/04\/validade-indeterminada-de-laudos-para-deficiencias-irreversiveis-e-aprovada-no-senado\/\" rel=\"bookmark\">04\/11\/2024<\/a><\/div><\/div><div class=\"gutentor-post-title-data-wrap\"><h3 class=\"gutentor-post-title\"><a href=\"https:\/\/sinicesp.org.br\/index.php\/2024\/11\/04\/validade-indeterminada-de-laudos-para-deficiencias-irreversiveis-e-aprovada-no-senado\/\" rel=\"bookmark\">Validade indeterminada de laudos para defici\u00eancias irrevers\u00edveis \u00e9 aprovada no Senado<\/a><\/h3><\/div><div class=\"gutentor-post-desc\">Senado aprovou no dia 14 de outubro a validade indeterminada para laudos que atestem defici\u00eancia permanente.&hellip;<\/div><a class=\"gutentor-button gutentor-post-button\" href=\"https:\/\/sinicesp.org.br\/index.php\/2024\/11\/04\/validade-indeterminada-de-laudos-para-deficiencias-irreversiveis-e-aprovada-no-senado\/\"><span>LEIA MAIS<\/span><\/a><\/div><\/div><\/article><article class='gutentor-post'><div class='gutentor-post-item'><div class='gutentor-post-image-box'><div class=\"gutentor-image-thumb\"><img loading=\"lazy\" decoding=\"async\" width=\"250\" height=\"167\" src=\"https:\/\/sinicesp.org.br\/wp-content\/uploads\/2024\/11\/inclusao-2024-24-destaque.jpg\" class=\"attachment-full size-full wp-post-image\" alt=\"\" \/><\/div><\/div><div class=\"gutentor-post-content\"><div class=\"gutentor-entry-meta gutentor-entry-meta-primary\"><div class=\"gutentor-meta-categories\"><i class=\"fas fa-tags\"><\/i><a href=\"https:\/\/sinicesp.org.br\/index.php\/tag\/noticia\/\" rel=\"tag\">NOT\u00cdCIA<\/a><\/div><div class=\"posted-on\"><i class=\"far fa-calendar-alt\"><\/i><a href=\"https:\/\/sinicesp.org.br\/index.php\/2024\/11\/04\/pesquisador-da-usp-expoe-os-obstaculos-encontrados-por-pessoas-com-deficiencia-no-mundo-do-trabalho\/\" rel=\"bookmark\">04\/11\/2024<\/a><\/div><\/div><div class=\"gutentor-post-title-data-wrap\"><h3 class=\"gutentor-post-title\"><a href=\"https:\/\/sinicesp.org.br\/index.php\/2024\/11\/04\/pesquisador-da-usp-expoe-os-obstaculos-encontrados-por-pessoas-com-deficiencia-no-mundo-do-trabalho\/\" rel=\"bookmark\">Pesquisador da USP exp\u00f5e os obst\u00e1culos encontrados por pessoas com defici\u00eancia no mundo do trabalho<\/a><\/h3><\/div><div class=\"gutentor-post-desc\">Um estudo realizado na Escola de Comunica\u00e7\u00f5es e Artes (ECA) da USP buscou analisar as rela\u00e7\u00f5es de pessoas com defici\u00eancia (PcDs) com o mundo do trabalho.&hellip;<\/div><a class=\"gutentor-button gutentor-post-button\" href=\"https:\/\/sinicesp.org.br\/index.php\/2024\/11\/04\/pesquisador-da-usp-expoe-os-obstaculos-encontrados-por-pessoas-com-deficiencia-no-mundo-do-trabalho\/\"><span>LEIA MAIS<\/span><\/a><\/div><\/div><\/article><article class='gutentor-post'><div class='gutentor-post-item'><div class='gutentor-post-image-box'><div class=\"gutentor-image-thumb\"><img loading=\"lazy\" decoding=\"async\" width=\"250\" height=\"167\" src=\"https:\/\/sinicesp.org.br\/wp-content\/uploads\/2024\/10\/inclusao-2024-23-destaque.jpg\" class=\"attachment-full size-full wp-post-image\" alt=\"\" \/><\/div><\/div><div class=\"gutentor-post-content\"><div class=\"gutentor-entry-meta gutentor-entry-meta-primary\"><div class=\"gutentor-meta-categories\"><i class=\"fas fa-tags\"><\/i><a href=\"https:\/\/sinicesp.org.br\/index.php\/tag\/noticia\/\" rel=\"tag\">NOT\u00cdCIA<\/a><\/div><div class=\"posted-on\"><i class=\"far fa-calendar-alt\"><\/i><a href=\"https:\/\/sinicesp.org.br\/index.php\/2024\/10\/11\/liderancas-dialogam-sobre-o-momento-atual-da-implementacao-do-novo-instrumento-de-avaliacao-da-deficiencia\/\" rel=\"bookmark\">11\/10\/2024<\/a><\/div><\/div><div class=\"gutentor-post-title-data-wrap\"><h3 class=\"gutentor-post-title\"><a href=\"https:\/\/sinicesp.org.br\/index.php\/2024\/10\/11\/liderancas-dialogam-sobre-o-momento-atual-da-implementacao-do-novo-instrumento-de-avaliacao-da-deficiencia\/\" rel=\"bookmark\">Lideran\u00e7as dialogam sobre o momento atual da implementa\u00e7\u00e3o do novo instrumento de avalia\u00e7\u00e3o da defici\u00eancia<\/a><\/h3><\/div><div class=\"gutentor-post-desc\">O encontro aconteceu na reuni\u00e3o plen\u00e1ria da C\u00e2mara Paulista para Inclus\u00e3o.&hellip;<\/div><a class=\"gutentor-button gutentor-post-button\" href=\"https:\/\/sinicesp.org.br\/index.php\/2024\/10\/11\/liderancas-dialogam-sobre-o-momento-atual-da-implementacao-do-novo-instrumento-de-avaliacao-da-deficiencia\/\"><span>LEIA MAIS<\/span><\/a><\/div><\/div><\/article><article class='gutentor-post'><div class='gutentor-post-item'><div class='gutentor-post-image-box'><div class=\"gutentor-image-thumb\"><img loading=\"lazy\" decoding=\"async\" width=\"250\" height=\"167\" src=\"https:\/\/sinicesp.org.br\/wp-content\/uploads\/2024\/09\/inclusao-2024-22-destaque.jpg\" class=\"attachment-full size-full wp-post-image\" alt=\"\" \/><\/div><\/div><div class=\"gutentor-post-content\"><div class=\"gutentor-entry-meta gutentor-entry-meta-primary\"><div class=\"gutentor-meta-categories\"><i class=\"fas fa-tags\"><\/i><a href=\"https:\/\/sinicesp.org.br\/index.php\/tag\/noticia\/\" rel=\"tag\">NOT\u00cdCIA<\/a><\/div><div class=\"posted-on\"><i class=\"far fa-calendar-alt\"><\/i><a href=\"https:\/\/sinicesp.org.br\/index.php\/2024\/09\/20\/vitorias-e-desafios-em-mais-um-21-de-setembro-dia-nacional-de-luta-da-pessoa-com-deficiencia\/\" rel=\"bookmark\">20\/09\/2024<\/a><\/div><\/div><div class=\"gutentor-post-title-data-wrap\"><h3 class=\"gutentor-post-title\"><a href=\"https:\/\/sinicesp.org.br\/index.php\/2024\/09\/20\/vitorias-e-desafios-em-mais-um-21-de-setembro-dia-nacional-de-luta-da-pessoa-com-deficiencia\/\" rel=\"bookmark\">Vit\u00f3rias e desafios em mais um 21 de setembro \u2013 Dia Nacional de Luta da Pessoa com Defici\u00eancia<\/a><\/h3><\/div><div class=\"gutentor-post-desc\">Protagonismo avan\u00e7a e olhar sobre a interseccionalidade evidencia discrimina\u00e7\u00f5es sobrepostas.&hellip;<\/div><a class=\"gutentor-button gutentor-post-button\" href=\"https:\/\/sinicesp.org.br\/index.php\/2024\/09\/20\/vitorias-e-desafios-em-mais-um-21-de-setembro-dia-nacional-de-luta-da-pessoa-com-deficiencia\/\"><span>LEIA MAIS<\/span><\/a><\/div><\/div><\/article><article class='gutentor-post'><div class='gutentor-post-item'><div class='gutentor-post-image-box'><div class=\"gutentor-image-thumb\"><img loading=\"lazy\" decoding=\"async\" width=\"250\" height=\"167\" src=\"https:\/\/sinicesp.org.br\/wp-content\/uploads\/2024\/09\/inclusao-2024-21-destaque.jpg\" class=\"attachment-full size-full wp-post-image\" alt=\"\" \/><\/div><\/div><div class=\"gutentor-post-content\"><div class=\"gutentor-entry-meta gutentor-entry-meta-primary\"><div class=\"gutentor-meta-categories\"><i class=\"fas fa-tags\"><\/i><a href=\"https:\/\/sinicesp.org.br\/index.php\/tag\/noticia\/\" rel=\"tag\">NOT\u00cdCIA<\/a><\/div><div class=\"posted-on\"><i class=\"far fa-calendar-alt\"><\/i><a href=\"https:\/\/sinicesp.org.br\/index.php\/2024\/09\/12\/empresa-e-trabalhador-pcd-sao-condenados-por-ma-fe-por-burlar-cotas\/\" rel=\"bookmark\">12\/09\/2024<\/a><\/div><\/div><div class=\"gutentor-post-title-data-wrap\"><h3 class=\"gutentor-post-title\"><a href=\"https:\/\/sinicesp.org.br\/index.php\/2024\/09\/12\/empresa-e-trabalhador-pcd-sao-condenados-por-ma-fe-por-burlar-cotas\/\" rel=\"bookmark\">Empresa e trabalhador PcD s\u00e3o condenados por m\u00e1-f\u00e9 por burlar cotas<\/a><\/h3><\/div><div class=\"gutentor-post-desc\">O caso exp\u00f5e uma fraude em rela\u00e7\u00e3o \u00e0 lei de cotas, onde o trabalhador e a empresa simularam um v\u00ednculo para evitar penalidades do MPT.&hellip;<\/div><a class=\"gutentor-button gutentor-post-button\" href=\"https:\/\/sinicesp.org.br\/index.php\/2024\/09\/12\/empresa-e-trabalhador-pcd-sao-condenados-por-ma-fe-por-burlar-cotas\/\"><span>LEIA MAIS<\/span><\/a><\/div><\/div><\/article><article class='gutentor-post'><div class='gutentor-post-item'><div class='gutentor-post-image-box'><div class=\"gutentor-image-thumb\"><img loading=\"lazy\" decoding=\"async\" width=\"250\" height=\"167\" src=\"https:\/\/sinicesp.org.br\/wp-content\/uploads\/2024\/08\/inclusao-2024-20-destaque.jpg\" class=\"attachment-full size-full wp-post-image\" alt=\"\" \/><\/div><\/div><div class=\"gutentor-post-content\"><div class=\"gutentor-entry-meta gutentor-entry-meta-primary\"><div class=\"gutentor-meta-categories\"><i class=\"fas fa-tags\"><\/i><a href=\"https:\/\/sinicesp.org.br\/index.php\/tag\/noticia\/\" rel=\"tag\">NOT\u00cdCIA<\/a><\/div><div class=\"posted-on\"><i class=\"far fa-calendar-alt\"><\/i><a href=\"https:\/\/sinicesp.org.br\/index.php\/2024\/08\/23\/9-cursos-online-e-gratuitos-sobre-acessibilidade-inclusao-e-direitos-humanos\/\" rel=\"bookmark\">23\/08\/2024<\/a><\/div><\/div><div class=\"gutentor-post-title-data-wrap\"><h3 class=\"gutentor-post-title\"><a href=\"https:\/\/sinicesp.org.br\/index.php\/2024\/08\/23\/9-cursos-online-e-gratuitos-sobre-acessibilidade-inclusao-e-direitos-humanos\/\" rel=\"bookmark\">9 cursos on-line e gratuitos sobre acessibilidade, inclus\u00e3o e direitos humanos<\/a><\/h3><\/div><div class=\"gutentor-post-desc\">A Escola Nacional de Administra\u00e7\u00e3o P\u00fablica (Enap) oferta capacita\u00e7\u00f5es para promo\u00e7\u00e3o de um ambiente mais inclusivo e acess\u00edvel.&hellip;<\/div><a class=\"gutentor-button gutentor-post-button\" href=\"https:\/\/sinicesp.org.br\/index.php\/2024\/08\/23\/9-cursos-online-e-gratuitos-sobre-acessibilidade-inclusao-e-direitos-humanos\/\"><span>LEIA MAIS<\/span><\/a><\/div><\/div><\/article><article class='gutentor-post'><div class='gutentor-post-item'><div class='gutentor-post-image-box'><div class=\"gutentor-image-thumb\"><img loading=\"lazy\" decoding=\"async\" width=\"250\" height=\"167\" src=\"https:\/\/sinicesp.org.br\/wp-content\/uploads\/2024\/08\/inclusao-2024-19-destaque.jpg\" class=\"attachment-full size-full wp-post-image\" alt=\"\" \/><\/div><\/div><div class=\"gutentor-post-content\"><div class=\"gutentor-entry-meta gutentor-entry-meta-primary\"><div class=\"gutentor-meta-categories\"><i class=\"fas fa-tags\"><\/i><a href=\"https:\/\/sinicesp.org.br\/index.php\/tag\/noticia\/\" rel=\"tag\">NOT\u00cdCIA<\/a><\/div><div class=\"posted-on\"><i class=\"far fa-calendar-alt\"><\/i><a href=\"https:\/\/sinicesp.org.br\/index.php\/2024\/08\/02\/mercado-de-trabalho-para-as-pessoas-com-deficiencia-cresceu-60-acima-do-mercado-geral-de-emprego-no-periodo-de-2009-a-2021\/\" rel=\"bookmark\">02\/08\/2024<\/a><\/div><\/div><div class=\"gutentor-post-title-data-wrap\"><h3 class=\"gutentor-post-title\"><a href=\"https:\/\/sinicesp.org.br\/index.php\/2024\/08\/02\/mercado-de-trabalho-para-as-pessoas-com-deficiencia-cresceu-60-acima-do-mercado-geral-de-emprego-no-periodo-de-2009-a-2021\/\" rel=\"bookmark\">Mercado de trabalho para as pessoas com defici\u00eancia cresceu 60% acima do mercado geral de emprego no per\u00edodo de 2009 a 2021<\/a><\/h3><\/div><div class=\"gutentor-post-desc\">As informa\u00e7\u00f5es foram obtidas a partir da an\u00e1lise dos dados da Rela\u00e7\u00e3o Anual de Informa\u00e7\u00f5es Sociais (RAIS). O valor da multa pelo descumprimento da Lei de Cotas pode chegar a R$265 mil a cada autua\u00e7\u00e3o.&hellip;<\/div><a class=\"gutentor-button gutentor-post-button\" href=\"https:\/\/sinicesp.org.br\/index.php\/2024\/08\/02\/mercado-de-trabalho-para-as-pessoas-com-deficiencia-cresceu-60-acima-do-mercado-geral-de-emprego-no-periodo-de-2009-a-2021\/\"><span>LEIA MAIS<\/span><\/a><\/div><\/div><\/article><article class='gutentor-post'><div class='gutentor-post-item'><div class='gutentor-post-image-box'><div class=\"gutentor-image-thumb\"><img loading=\"lazy\" decoding=\"async\" width=\"250\" height=\"167\" src=\"https:\/\/sinicesp.org.br\/wp-content\/uploads\/2024\/08\/inclusao-2024-18-destaque.jpg\" class=\"attachment-full size-full wp-post-image\" alt=\"\" \/><\/div><\/div><div class=\"gutentor-post-content\"><div class=\"gutentor-entry-meta gutentor-entry-meta-primary\"><div class=\"gutentor-meta-categories\"><i class=\"fas fa-tags\"><\/i><a href=\"https:\/\/sinicesp.org.br\/index.php\/tag\/noticia\/\" rel=\"tag\">NOT\u00cdCIA<\/a><\/div><div class=\"posted-on\"><i class=\"far fa-calendar-alt\"><\/i><a href=\"https:\/\/sinicesp.org.br\/index.php\/2024\/08\/02\/acessibilidade-digital-e-tema-de-reuniao-do-g20\/\" rel=\"bookmark\">02\/08\/2024<\/a><\/div><\/div><div class=\"gutentor-post-title-data-wrap\"><h3 class=\"gutentor-post-title\"><a href=\"https:\/\/sinicesp.org.br\/index.php\/2024\/08\/02\/acessibilidade-digital-e-tema-de-reuniao-do-g20\/\" rel=\"bookmark\">Acessibilidade Digital \u00e9 tema de reuni\u00e3o do G20<\/a><\/h3><\/div><div class=\"gutentor-post-desc\">Plano de transforma\u00e7\u00e3o digital dos servi\u00e7os p\u00fablicos pretende trazer mais acessibilidade e letramento digital.&hellip;<\/div><a class=\"gutentor-button gutentor-post-button\" href=\"https:\/\/sinicesp.org.br\/index.php\/2024\/08\/02\/acessibilidade-digital-e-tema-de-reuniao-do-g20\/\"><span>LEIA MAIS<\/span><\/a><\/div><\/div><\/article><article class='gutentor-post'><div class='gutentor-post-item'><div class='gutentor-post-image-box'><div class=\"gutentor-image-thumb\"><img loading=\"lazy\" decoding=\"async\" width=\"250\" height=\"167\" src=\"https:\/\/sinicesp.org.br\/wp-content\/uploads\/2024\/07\/sinimail-2024-15-destaque.jpg\" class=\"attachment-full size-full wp-post-image\" alt=\"\" \/><\/div><\/div><div class=\"gutentor-post-content\"><div class=\"gutentor-entry-meta gutentor-entry-meta-primary\"><div class=\"gutentor-meta-categories\"><i class=\"fas fa-tags\"><\/i><a href=\"https:\/\/sinicesp.org.br\/index.php\/tag\/sinimail-no-15-2024-29-07-2024\/\" rel=\"tag\">Sinimail n\u00ba 15\/2024 &#8211; 29\/07\/2024<\/a><\/div><div class=\"posted-on\"><i class=\"far fa-calendar-alt\"><\/i><a href=\"https:\/\/sinicesp.org.br\/index.php\/2024\/07\/29\/cerimonia-em-sao-paulo-celebra-os-33-anos-de-vigencia-da-lei-de-cotas\/\" rel=\"bookmark\">29\/07\/2024<\/a><\/div><\/div><div class=\"gutentor-post-title-data-wrap\"><h3 class=\"gutentor-post-title\"><a href=\"https:\/\/sinicesp.org.br\/index.php\/2024\/07\/29\/cerimonia-em-sao-paulo-celebra-os-33-anos-de-vigencia-da-lei-de-cotas\/\" rel=\"bookmark\">Cerim\u00f4nia em S\u00e3o Paulo celebra os 33 anos de vig\u00eancia da Lei de Cotas<\/a><\/h3><\/div><div class=\"gutentor-post-desc\">Atendendo pedido encaminhado pelo SINICESP, o superintendente do DER, S\u00e9rgio Codelo, recebeu, no dia 05 de mar\u00e7o, em audi\u00eancia na sede do Departamento, um grupo de diretores do SINICESP.&hellip;<\/div><a class=\"gutentor-button gutentor-post-button\" href=\"https:\/\/sinicesp.org.br\/index.php\/2024\/07\/29\/cerimonia-em-sao-paulo-celebra-os-33-anos-de-vigencia-da-lei-de-cotas\/\"><span>LEIA MAIS<\/span><\/a><\/div><\/div><\/article><article class='gutentor-post'><div class='gutentor-post-item'><div class='gutentor-post-image-box'><div class=\"gutentor-image-thumb\"><img loading=\"lazy\" decoding=\"async\" width=\"250\" height=\"167\" src=\"https:\/\/sinicesp.org.br\/wp-content\/uploads\/2024\/07\/inclusao-2024-17-destaque.jpg\" class=\"attachment-full size-full wp-post-image\" alt=\"\" \/><\/div><\/div><div class=\"gutentor-post-content\"><div class=\"gutentor-entry-meta gutentor-entry-meta-primary\"><div class=\"gutentor-meta-categories\"><i class=\"fas fa-tags\"><\/i><a href=\"https:\/\/sinicesp.org.br\/index.php\/tag\/noticia\/\" rel=\"tag\">NOT\u00cdCIA<\/a><\/div><div class=\"posted-on\"><i class=\"far fa-calendar-alt\"><\/i><a href=\"https:\/\/sinicesp.org.br\/index.php\/2024\/07\/26\/carta-de-sao-paulo-lei-de-cotas-33-anos\/\" rel=\"bookmark\">26\/07\/2024<\/a><\/div><\/div><div class=\"gutentor-post-title-data-wrap\"><h3 class=\"gutentor-post-title\"><a href=\"https:\/\/sinicesp.org.br\/index.php\/2024\/07\/26\/carta-de-sao-paulo-lei-de-cotas-33-anos\/\" rel=\"bookmark\">Carta de S\u00e3o Paulo Lei de Cotas 33 anos<\/a><\/h3><\/div><div class=\"gutentor-post-desc\">Celebrando conquistas e enfrentando amea\u00e7as&hellip;<\/div><a class=\"gutentor-button gutentor-post-button\" href=\"https:\/\/sinicesp.org.br\/index.php\/2024\/07\/26\/carta-de-sao-paulo-lei-de-cotas-33-anos\/\"><span>LEIA MAIS<\/span><\/a><\/div><\/div><\/article><article class='gutentor-post'><div class='gutentor-post-item'><div class='gutentor-post-image-box'><div class=\"gutentor-image-thumb\"><img loading=\"lazy\" decoding=\"async\" width=\"250\" height=\"167\" src=\"https:\/\/sinicesp.org.br\/wp-content\/uploads\/2024\/07\/inclusao-2024-16-destaque.jpg\" class=\"attachment-full size-full wp-post-image\" alt=\"\" \/><\/div><\/div><div class=\"gutentor-post-content\"><div class=\"gutentor-entry-meta gutentor-entry-meta-primary\"><div class=\"gutentor-meta-categories\"><i class=\"fas fa-tags\"><\/i><a href=\"https:\/\/sinicesp.org.br\/index.php\/tag\/noticia\/\" rel=\"tag\">NOT\u00cdCIA<\/a><\/div><div class=\"posted-on\"><i class=\"far fa-calendar-alt\"><\/i><a href=\"https:\/\/sinicesp.org.br\/index.php\/2024\/07\/26\/comemoracao-dos-33-anos-da-lei-de-cotas-avancos-desafios-e-perspectivas-para-a-inclusao-da-pessoa-com-deficiencia\/\" rel=\"bookmark\">26\/07\/2024<\/a><\/div><\/div><div class=\"gutentor-post-title-data-wrap\"><h3 class=\"gutentor-post-title\"><a href=\"https:\/\/sinicesp.org.br\/index.php\/2024\/07\/26\/comemoracao-dos-33-anos-da-lei-de-cotas-avancos-desafios-e-perspectivas-para-a-inclusao-da-pessoa-com-deficiencia\/\" rel=\"bookmark\">Comemora\u00e7\u00e3o dos 33 Anos da Lei de Cotas: Avan\u00e7os, Desafios e Perspectivas para a Inclus\u00e3o da Pessoa com Defici\u00eancia<\/a><\/h3><\/div><div class=\"gutentor-post-desc\">Celebrando conquistas e enfrentando amea\u00e7as&hellip;<\/div><a class=\"gutentor-button gutentor-post-button\" href=\"https:\/\/sinicesp.org.br\/index.php\/2024\/07\/26\/comemoracao-dos-33-anos-da-lei-de-cotas-avancos-desafios-e-perspectivas-para-a-inclusao-da-pessoa-com-deficiencia\/\"><span>LEIA MAIS<\/span><\/a><\/div><\/div><\/article><article class='gutentor-post'><div class='gutentor-post-item'><div class='gutentor-post-image-box'><div class=\"gutentor-image-thumb\"><img loading=\"lazy\" decoding=\"async\" width=\"250\" height=\"167\" src=\"https:\/\/sinicesp.org.br\/wp-content\/uploads\/2024\/06\/inclusao-2024-05-destaque.jpg\" class=\"attachment-full size-full wp-post-image\" alt=\"\" \/><\/div><\/div><div class=\"gutentor-post-content\"><div class=\"gutentor-entry-meta gutentor-entry-meta-primary\"><div class=\"gutentor-meta-categories\"><i class=\"fas fa-tags\"><\/i><a href=\"https:\/\/sinicesp.org.br\/index.php\/tag\/noticia\/\" rel=\"tag\">NOT\u00cdCIA<\/a><\/div><div class=\"posted-on\"><i class=\"far fa-calendar-alt\"><\/i><a href=\"https:\/\/sinicesp.org.br\/index.php\/2024\/07\/19\/participe-do-33o-aniversario-da-lei-de-cotas\/\" rel=\"bookmark\">19\/07\/2024<\/a><\/div><\/div><div class=\"gutentor-post-title-data-wrap\"><h3 class=\"gutentor-post-title\"><a href=\"https:\/\/sinicesp.org.br\/index.php\/2024\/07\/19\/participe-do-33o-aniversario-da-lei-de-cotas\/\" rel=\"bookmark\">Participe do 33\u00ba Anivers\u00e1rio da Lei de Cotas!<\/a><\/h3><\/div><div class=\"gutentor-post-desc\">Celebrando conquistas e enfrentando amea\u00e7as&hellip;<\/div><a class=\"gutentor-button gutentor-post-button\" href=\"https:\/\/sinicesp.org.br\/index.php\/2024\/07\/19\/participe-do-33o-aniversario-da-lei-de-cotas\/\"><span>LEIA MAIS<\/span><\/a><\/div><\/div><\/article><article class='gutentor-post'><div class='gutentor-post-item'><div class='gutentor-post-image-box'><div class=\"gutentor-image-thumb\"><img loading=\"lazy\" decoding=\"async\" width=\"250\" height=\"167\" src=\"https:\/\/sinicesp.org.br\/wp-content\/uploads\/2024\/07\/inclusao-2024-06-destaque.jpg\" class=\"attachment-full size-full wp-post-image\" alt=\"\" \/><\/div><\/div><div class=\"gutentor-post-content\"><div class=\"gutentor-entry-meta gutentor-entry-meta-primary\"><div class=\"gutentor-meta-categories\"><i class=\"fas fa-tags\"><\/i><a href=\"https:\/\/sinicesp.org.br\/index.php\/tag\/noticia\/\" rel=\"tag\">NOT\u00cdCIA<\/a><\/div><div class=\"posted-on\"><i class=\"far fa-calendar-alt\"><\/i><a href=\"https:\/\/sinicesp.org.br\/index.php\/2024\/07\/19\/causos-do-kal-episodio-trabalhadores-com-deficiencia-2-historias\/\" rel=\"bookmark\">19\/07\/2024<\/a><\/div><\/div><div class=\"gutentor-post-title-data-wrap\"><h3 class=\"gutentor-post-title\"><a href=\"https:\/\/sinicesp.org.br\/index.php\/2024\/07\/19\/causos-do-kal-episodio-trabalhadores-com-deficiencia-2-historias\/\" rel=\"bookmark\">Causos do Kal &#8211; epis\u00f3dio: \u201cTrabalhadores com defici\u00eancia: 2 hist\u00f3rias\u201d<\/a><\/h3><\/div><div class=\"gutentor-post-desc\">Causos do Kal &#8211; epis\u00f3dio: \u201cTrabalhadores com defici\u00eancia: 2 hist\u00f3rias\u201d&hellip;<\/div><a class=\"gutentor-button gutentor-post-button\" href=\"https:\/\/sinicesp.org.br\/index.php\/2024\/07\/19\/causos-do-kal-episodio-trabalhadores-com-deficiencia-2-historias\/\"><span>LEIA MAIS<\/span><\/a><\/div><\/div><\/article><article class='gutentor-post'><div class='gutentor-post-item'><div class='gutentor-post-image-box'><div class=\"gutentor-image-thumb\"><img loading=\"lazy\" decoding=\"async\" width=\"250\" height=\"167\" src=\"https:\/\/sinicesp.org.br\/wp-content\/uploads\/2024\/07\/inclusao-2024-06-destaque.jpg\" class=\"attachment-full size-full wp-post-image\" alt=\"\" \/><\/div><\/div><div class=\"gutentor-post-content\"><div class=\"gutentor-entry-meta gutentor-entry-meta-primary\"><div class=\"gutentor-meta-categories\"><i class=\"fas fa-tags\"><\/i><a href=\"https:\/\/sinicesp.org.br\/index.php\/tag\/noticia\/\" rel=\"tag\">NOT\u00cdCIA<\/a><\/div><div class=\"posted-on\"><i class=\"far fa-calendar-alt\"><\/i><a href=\"https:\/\/sinicesp.org.br\/index.php\/2024\/07\/19\/causos-do-kal-episodio-a-discriminacao-seletiva-da-deficiencia\/\" rel=\"bookmark\">19\/07\/2024<\/a><\/div><\/div><div class=\"gutentor-post-title-data-wrap\"><h3 class=\"gutentor-post-title\"><a href=\"https:\/\/sinicesp.org.br\/index.php\/2024\/07\/19\/causos-do-kal-episodio-a-discriminacao-seletiva-da-deficiencia\/\" rel=\"bookmark\">Causos do Kal &#8211; epis\u00f3dio: \u201cA discrimina\u00e7\u00e3o seletiva da defici\u00eancia\u201d<\/a><\/h3><\/div><div class=\"gutentor-post-desc\">Causos do Kal &#8211; epis\u00f3dio: \u201cA discrimina\u00e7\u00e3o seletiva da defici\u00eancia\u201d&hellip;<\/div><a class=\"gutentor-button gutentor-post-button\" href=\"https:\/\/sinicesp.org.br\/index.php\/2024\/07\/19\/causos-do-kal-episodio-a-discriminacao-seletiva-da-deficiencia\/\"><span>LEIA MAIS<\/span><\/a><\/div><\/div><\/article><article class='gutentor-post'><div class='gutentor-post-item'><div class='gutentor-post-image-box'><div class=\"gutentor-image-thumb\"><img loading=\"lazy\" decoding=\"async\" width=\"250\" height=\"167\" src=\"https:\/\/sinicesp.org.br\/wp-content\/uploads\/2024\/07\/inclusao-2024-12-destaque.jpg\" class=\"attachment-full size-full wp-post-image\" alt=\"\" \/><\/div><\/div><div class=\"gutentor-post-content\"><div class=\"gutentor-entry-meta gutentor-entry-meta-primary\"><div class=\"gutentor-meta-categories\"><i class=\"fas fa-tags\"><\/i><a href=\"https:\/\/sinicesp.org.br\/index.php\/tag\/noticia\/\" rel=\"tag\">NOT\u00cdCIA<\/a><\/div><div class=\"posted-on\"><i class=\"far fa-calendar-alt\"><\/i><a href=\"https:\/\/sinicesp.org.br\/index.php\/2024\/07\/12\/dados-do-observadh-sobre-pessoas-com-deficiencia-evidenciam-desigualdades-em-relacao-a-educacao-e-trabalho\/\" rel=\"bookmark\">12\/07\/2024<\/a><\/div><\/div><div class=\"gutentor-post-title-data-wrap\"><h3 class=\"gutentor-post-title\"><a href=\"https:\/\/sinicesp.org.br\/index.php\/2024\/07\/12\/dados-do-observadh-sobre-pessoas-com-deficiencia-evidenciam-desigualdades-em-relacao-a-educacao-e-trabalho\/\" rel=\"bookmark\">Dados do ObservaDH sobre pessoas com defici\u00eancia evidenciam desigualdades em rela\u00e7\u00e3o \u00e0 educa\u00e7\u00e3o e trabalho<\/a><\/h3><\/div><div class=\"gutentor-post-desc\">Observat\u00f3rio Nacional dos Direitos Humanos \u00e9 uma das a\u00e7\u00f5es do Novo Viver Sem Limite e est\u00e1 dispon\u00edvel para toda a popula\u00e7\u00e3o.&hellip;<\/div><a class=\"gutentor-button gutentor-post-button\" href=\"https:\/\/sinicesp.org.br\/index.php\/2024\/07\/12\/dados-do-observadh-sobre-pessoas-com-deficiencia-evidenciam-desigualdades-em-relacao-a-educacao-e-trabalho\/\"><span>LEIA MAIS<\/span><\/a><\/div><\/div><\/article><article class='gutentor-post'><div class='gutentor-post-item'><div class='gutentor-post-image-box'><div class=\"gutentor-image-thumb\"><img loading=\"lazy\" decoding=\"async\" width=\"250\" height=\"167\" src=\"https:\/\/sinicesp.org.br\/wp-content\/uploads\/2024\/07\/inclusao-2024-11-destaque.jpg\" class=\"attachment-full size-full wp-post-image\" alt=\"\" \/><\/div><\/div><div class=\"gutentor-post-content\"><div class=\"gutentor-entry-meta gutentor-entry-meta-primary\"><div class=\"gutentor-meta-categories\"><i class=\"fas fa-tags\"><\/i><a href=\"https:\/\/sinicesp.org.br\/index.php\/tag\/noticia\/\" rel=\"tag\">NOT\u00cdCIA<\/a><\/div><div class=\"posted-on\"><i class=\"far fa-calendar-alt\"><\/i><a href=\"https:\/\/sinicesp.org.br\/index.php\/2024\/07\/12\/aprendizagem-e-recomendada-como-opcao-de-entrada-no-mercado-de-trabalho-para-pessoas-com-deficiencia-de-qualquer-idade\/\" rel=\"bookmark\">12\/07\/2024<\/a><\/div><\/div><div class=\"gutentor-post-title-data-wrap\"><h3 class=\"gutentor-post-title\"><a href=\"https:\/\/sinicesp.org.br\/index.php\/2024\/07\/12\/aprendizagem-e-recomendada-como-opcao-de-entrada-no-mercado-de-trabalho-para-pessoas-com-deficiencia-de-qualquer-idade\/\" rel=\"bookmark\">Aprendizagem \u00e9 recomendada como op\u00e7\u00e3o de entrada no mercado de trabalho para pessoas com defici\u00eancia de qualquer idade<\/a><\/h3><\/div><div class=\"gutentor-post-desc\">Em suas redes sociais, Patr\u00edcia Siqueira, auditora fiscal do Trabalho em Belo Horizonte &#8211; MG, incentiva que empresas utilizem o recurso do Programa de Aprendizagem para incluir mais pessoas com defici&hellip;<\/div><a class=\"gutentor-button gutentor-post-button\" href=\"https:\/\/sinicesp.org.br\/index.php\/2024\/07\/12\/aprendizagem-e-recomendada-como-opcao-de-entrada-no-mercado-de-trabalho-para-pessoas-com-deficiencia-de-qualquer-idade\/\"><span>LEIA MAIS<\/span><\/a><\/div><\/div><\/article><article class='gutentor-post'><div class='gutentor-post-item'><div class='gutentor-post-image-box'><div class=\"gutentor-image-thumb\"><img loading=\"lazy\" decoding=\"async\" width=\"250\" height=\"167\" src=\"https:\/\/sinicesp.org.br\/wp-content\/uploads\/2024\/07\/inclusao-2024-10-destaque.jpg\" class=\"attachment-full size-full wp-post-image\" alt=\"\" \/><\/div><\/div><div class=\"gutentor-post-content\"><div class=\"gutentor-entry-meta gutentor-entry-meta-primary\"><div class=\"gutentor-meta-categories\"><i class=\"fas fa-tags\"><\/i><a href=\"https:\/\/sinicesp.org.br\/index.php\/tag\/noticia\/\" rel=\"tag\">NOT\u00cdCIA<\/a><\/div><div class=\"posted-on\"><i class=\"far fa-calendar-alt\"><\/i><a href=\"https:\/\/sinicesp.org.br\/index.php\/2024\/07\/12\/pessoas-com-deficiencia-impulsionam-a-pesquisa-na-universidade\/\" rel=\"bookmark\">12\/07\/2024<\/a><\/div><\/div><div class=\"gutentor-post-title-data-wrap\"><h3 class=\"gutentor-post-title\"><a href=\"https:\/\/sinicesp.org.br\/index.php\/2024\/07\/12\/pessoas-com-deficiencia-impulsionam-a-pesquisa-na-universidade\/\" rel=\"bookmark\">Pessoas com defici\u00eancia impulsionam a pesquisa na universidade<\/a><\/h3><\/div><div class=\"gutentor-post-desc\">Algumas empresas argumentam que n\u00e3o encontram pessoas com defici\u00eancia com forma\u00e7\u00e3o de n\u00edvel superior para contratar. Dados de 2022 do CAPES mostram crescimento de pessoas com defici\u00eancia matriculadas &hellip;<\/div><a class=\"gutentor-button gutentor-post-button\" href=\"https:\/\/sinicesp.org.br\/index.php\/2024\/07\/12\/pessoas-com-deficiencia-impulsionam-a-pesquisa-na-universidade\/\"><span>LEIA MAIS<\/span><\/a><\/div><\/div><\/article><article class='gutentor-post'><div class='gutentor-post-item'><div class='gutentor-post-image-box'><div class=\"gutentor-image-thumb\"><img loading=\"lazy\" decoding=\"async\" width=\"250\" height=\"167\" src=\"https:\/\/sinicesp.org.br\/wp-content\/uploads\/2024\/07\/inclusao-2024-09-destaque.jpg\" class=\"attachment-full size-full wp-post-image\" alt=\"\" \/><\/div><\/div><div class=\"gutentor-post-content\"><div class=\"gutentor-entry-meta gutentor-entry-meta-primary\"><div class=\"gutentor-meta-categories\"><i class=\"fas fa-tags\"><\/i><a href=\"https:\/\/sinicesp.org.br\/index.php\/tag\/noticia\/\" rel=\"tag\">NOT\u00cdCIA<\/a><\/div><div class=\"posted-on\"><i class=\"far fa-calendar-alt\"><\/i><a href=\"https:\/\/sinicesp.org.br\/index.php\/2024\/07\/12\/direitos-humanos-e-ibge-mobilizam-esforcos-para-producao-de-novos-dados-estatisticos-sobre-pessoas-com-deficiencia\/\" rel=\"bookmark\">12\/07\/2024<\/a><\/div><\/div><div class=\"gutentor-post-title-data-wrap\"><h3 class=\"gutentor-post-title\"><a href=\"https:\/\/sinicesp.org.br\/index.php\/2024\/07\/12\/direitos-humanos-e-ibge-mobilizam-esforcos-para-producao-de-novos-dados-estatisticos-sobre-pessoas-com-deficiencia\/\" rel=\"bookmark\">Direitos Humanos e IBGE mobilizam esfor\u00e7os para produ\u00e7\u00e3o de novos dados estat\u00edsticos sobre pessoas com defici\u00eancia<\/a><\/h3><\/div><div class=\"gutentor-post-desc\">Expectativa \u00e9 de investimento conjunto entre os \u00f3rg\u00e3os; t\u00e9cnicos do Instituto j\u00e1 est\u00e3o avaliando os crit\u00e9rios da pesquisa&hellip;<\/div><a class=\"gutentor-button gutentor-post-button\" href=\"https:\/\/sinicesp.org.br\/index.php\/2024\/07\/12\/direitos-humanos-e-ibge-mobilizam-esforcos-para-producao-de-novos-dados-estatisticos-sobre-pessoas-com-deficiencia\/\"><span>LEIA MAIS<\/span><\/a><\/div><\/div><\/article><article class='gutentor-post'><div class='gutentor-post-item'><div class='gutentor-post-image-box'><div class=\"gutentor-image-thumb\"><img loading=\"lazy\" decoding=\"async\" width=\"250\" height=\"167\" src=\"https:\/\/sinicesp.org.br\/wp-content\/uploads\/2024\/07\/inclusao-2024-06-destaque.jpg\" class=\"attachment-full size-full wp-post-image\" alt=\"\" \/><\/div><\/div><div class=\"gutentor-post-content\"><div class=\"gutentor-entry-meta gutentor-entry-meta-primary\"><div class=\"gutentor-meta-categories\"><i class=\"fas fa-tags\"><\/i><a href=\"https:\/\/sinicesp.org.br\/index.php\/tag\/noticia\/\" rel=\"tag\">NOT\u00cdCIA<\/a><\/div><div class=\"posted-on\"><i class=\"far fa-calendar-alt\"><\/i><a href=\"https:\/\/sinicesp.org.br\/index.php\/2024\/07\/03\/causos-do-kal-episodio-mitos-e-preconceitos-na-inclusao-profissional\/\" rel=\"bookmark\">03\/07\/2024<\/a><\/div><\/div><div class=\"gutentor-post-title-data-wrap\"><h3 class=\"gutentor-post-title\"><a href=\"https:\/\/sinicesp.org.br\/index.php\/2024\/07\/03\/causos-do-kal-episodio-mitos-e-preconceitos-na-inclusao-profissional\/\" rel=\"bookmark\">Causos do Kal &#8211; epis\u00f3dio: \u201cMitos e Preconceitos na inclus\u00e3o profissional\u201d<\/a><\/h3><\/div><div class=\"gutentor-post-desc\">Causos do Kal &#8211; epis\u00f3dio: \u201cMitos e Preconceitos na inclus\u00e3o profissional\u201d&hellip;<\/div><a class=\"gutentor-button gutentor-post-button\" href=\"https:\/\/sinicesp.org.br\/index.php\/2024\/07\/03\/causos-do-kal-episodio-mitos-e-preconceitos-na-inclusao-profissional\/\"><span>LEIA MAIS<\/span><\/a><\/div><\/div><\/article><article class='gutentor-post'><div class='gutentor-post-item'><div class='gutentor-post-image-box'><div class=\"gutentor-image-thumb\"><img loading=\"lazy\" decoding=\"async\" width=\"250\" height=\"167\" src=\"https:\/\/sinicesp.org.br\/wp-content\/uploads\/2024\/07\/inclusao-2024-06-destaque.jpg\" class=\"attachment-full size-full wp-post-image\" alt=\"\" \/><\/div><\/div><div class=\"gutentor-post-content\"><div class=\"gutentor-entry-meta gutentor-entry-meta-primary\"><div class=\"gutentor-meta-categories\"><i class=\"fas fa-tags\"><\/i><a href=\"https:\/\/sinicesp.org.br\/index.php\/tag\/noticia\/\" rel=\"tag\">NOT\u00cdCIA<\/a><\/div><div class=\"posted-on\"><i class=\"far fa-calendar-alt\"><\/i><a href=\"https:\/\/sinicesp.org.br\/index.php\/2024\/07\/03\/causos-do-kal-episodio-fiscalizacao-da-lei-de-cotas\/\" rel=\"bookmark\">03\/07\/2024<\/a><\/div><\/div><div class=\"gutentor-post-title-data-wrap\"><h3 class=\"gutentor-post-title\"><a href=\"https:\/\/sinicesp.org.br\/index.php\/2024\/07\/03\/causos-do-kal-episodio-fiscalizacao-da-lei-de-cotas\/\" rel=\"bookmark\">Causos do Kal &#8211; epis\u00f3dio: \u201cFiscaliza\u00e7\u00e3o da Lei de Cotas\u201d<\/a><\/h3><\/div><div class=\"gutentor-post-desc\">Causos do Kal &#8211; epis\u00f3dio: \u201cFiscaliza\u00e7\u00e3o da Lei de Cotas\u201d&hellip;<\/div><a class=\"gutentor-button gutentor-post-button\" href=\"https:\/\/sinicesp.org.br\/index.php\/2024\/07\/03\/causos-do-kal-episodio-fiscalizacao-da-lei-de-cotas\/\"><span>LEIA MAIS<\/span><\/a><\/div><\/div><\/article><\/div><\/div><\/section>\n\n\n<div id=\"section-g44e011\" class=\"wp-block-gutentor-e17 section-g44e011 gutentor-element gutentor-post-footer\"><div class=\"grid-container\"><div class=\"grid-row\">\n<div id=\"col-gm0f8cc3\" class=\"wp-block-gutentor-e15 gutentor-single-column  grid-lg-12 grid-md-12 grid-12\"><div id=\"section-gm0f8cc3\" class=\"section-gm0f8cc3 gutentor-col-wrap\">\n<div id=\"section-g23af14\" class=\"wp-block-gutentor-e12 section-g23af14 gutentor-element gutentor-element-pagination text-align-center-mobile\"><div class=\"gutentor-pagination-wrap\" data-maxnumpages=\"3\"><ul class=\"gutentor-pagination\"><li class=\"gutentor-pagination-item gutentor-pagination-prev\"><a class=\"gutentor-pagination-link gutentor-disabled\" href=\"#\"><i class=\"fas fa-chevron-left\"><\/i>Previous<\/a><\/li><li class=\"gutentor-pagination-item gutentor-pagination-active\" data-gpage=\"1\"><a class=\"gutentor-pagination-link\" href=\"#\">1<\/a><\/li><li class=\"gutentor-pagination-item\"><a class=\"gutentor-pagination-link\" href=\"#\" data-gpage=\"2\">2<\/a><\/li><li class=\"gutentor-pagination-item\"><a class=\"gutentor-pagination-link\" href=\"#\" data-gpage=\"3\">3<\/a><\/li><li class=\"gutentor-pagination-item gutentor-pagination-next\"><a class=\"gutentor-pagination-link\" href=\"#\" data-gpage=\"2\">Next<i class=\"fas fa-chevron-right\"><\/i><\/a><\/li><\/ul><\/div><\/div>\n<\/div><\/div>\n<\/div><\/div><\/div>\n<\/section>\n<\/div><\/section>\n","protected":false},"excerpt":{"rendered":"","protected":false},"author":1,"featured_media":0,"parent":0,"menu_order":0,"comment_status":"closed","ping_status":"closed","template":"","meta":{"om_disable_all_campaigns":false,"_uag_custom_page_level_css":"","_monsterinsights_skip_tracking":false,"_monsterinsights_sitenote_active":false,"_monsterinsights_sitenote_note":"","_monsterinsights_sitenote_category":0,"site-sidebar-layout":"default","site-content-layout":"plain-container","ast-site-content-layout":"default","site-content-style":"default","site-sidebar-style":"default","ast-global-header-display":"","ast-banner-title-visibility":"","ast-main-header-display":"","ast-hfb-above-header-display":"","ast-hfb-below-header-display":"","ast-hfb-mobile-header-display":"","site-post-title":"disabled","ast-breadcrumbs-content":"disabled","ast-featured-img":"","footer-sml-layout":"","ast-disable-related-posts":"","theme-transparent-header-meta":"default","adv-header-id-meta":"","stick-header-meta":"","header-above-stick-meta":"","header-main-stick-meta":"","header-below-stick-meta":"","astra-migrate-meta-layouts":"default","ast-page-background-enabled":"default","ast-page-background-meta":{"desktop":{"background-color":"","background-image":"","background-repeat":"repeat","background-position":"center center","background-size":"auto","background-attachment":"scroll","background-type":"","background-media":"","overlay-type":"","overlay-color":"","overlay-opacity":"","overlay-gradient":""},"tablet":{"background-color":"","background-image":"","background-repeat":"repeat","background-position":"center center","background-size":"auto","background-attachment":"scroll","background-type":"","background-media":"","overlay-type":"","overlay-color":"","overlay-opacity":"","overlay-gradient":""},"mobile":{"background-color":"","background-image":"","background-repeat":"repeat","background-position":"center center","background-size":"auto","background-attachment":"scroll","background-type":"","background-media":"","overlay-type":"","overlay-color":"","overlay-opacity":"","overlay-gradient":""}},"ast-content-background-meta":{"desktop":{"background-color":"var(--ast-global-color-5)","background-image":"","background-repeat":"repeat","background-position":"center center","background-size":"auto","background-attachment":"scroll","background-type":"","background-media":"","overlay-type":"","overlay-color":"","overlay-opacity":"","overlay-gradient":""},"tablet":{"background-color":"var(--ast-global-color-5)","background-image":"","background-repeat":"repeat","background-position":"center center","background-size":"auto","background-attachment":"scroll","background-type":"","background-media":"","overlay-type":"","overlay-color":"","overlay-opacity":"","overlay-gradient":""},"mobile":{"background-color":"var(--ast-global-color-5)","background-image":"","background-repeat":"repeat","background-position":"center center","background-size":"auto","background-attachment":"scroll","background-type":"","background-media":"","overlay-type":"","overlay-color":"","overlay-opacity":"","overlay-gradient":""}},"footnotes":""},"class_list":["post-1637","page","type-page","status-publish","hentry"],"aioseo_notices":[],"uagb_featured_image_src":{"full":false,"thumbnail":false,"medium":false,"medium_large":false,"large":false,"1536x1536":false,"2048x2048":false},"uagb_author_info":{"display_name":"Rodrigo","author_link":"https:\/\/sinicesp.org.br\/index.php\/author\/sinicesp\/"},"uagb_comment_info":0,"uagb_excerpt":null,"_links":{"self":[{"href":"https:\/\/sinicesp.org.br\/index.php\/wp-json\/wp\/v2\/pages\/1637","targetHints":{"allow":["GET"]}}],"collection":[{"href":"https:\/\/sinicesp.org.br\/index.php\/wp-json\/wp\/v2\/pages"}],"about":[{"href":"https:\/\/sinicesp.org.br\/index.php\/wp-json\/wp\/v2\/types\/page"}],"author":[{"embeddable":true,"href":"https:\/\/sinicesp.org.br\/index.php\/wp-json\/wp\/v2\/users\/1"}],"replies":[{"embeddable":true,"href":"https:\/\/sinicesp.org.br\/index.php\/wp-json\/wp\/v2\/comments?post=1637"}],"version-history":[{"count":0,"href":"https:\/\/sinicesp.org.br\/index.php\/wp-json\/wp\/v2\/pages\/1637\/revisions"}],"wp:attachment":[{"href":"https:\/\/sinicesp.org.br\/index.php\/wp-json\/wp\/v2\/media?parent=1637"}],"curies":[{"name":"wp","href":"https:\/\/api.w.org\/{rel}","templated":true}]}}