{"id":2257,"date":"2021-12-17T15:58:55","date_gmt":"2021-12-17T18:58:55","guid":{"rendered":"https:\/\/sinicesp.org.br\/?page_id=2257"},"modified":"2021-12-17T15:59:11","modified_gmt":"2021-12-17T18:59:11","slug":"noticias-responsabilidade","status":"publish","type":"page","link":"https:\/\/sinicesp.org.br\/index.php\/noticias-responsabilidade\/","title":{"rendered":"Not\u00edcias responsabilidade"},"content":{"rendered":"\n<section class=\"wp-block-uagb-section uagb-section__wrap uagb-section__background-undefined alignfull uagb-block-b6039b09\"><div class=\"uagb-section__overlay\"><\/div><div class=\"uagb-section__inner-wrap\">\n<div id=\"section-g2b6c71\" class=\"wp-block-gutentor-e1 section-g2b6c71 gutentor-element gutentor-element-advanced-text text-align-center-desktop\"><div class=\"gutentor-text-wrap\"><h2 class=\"gutentor-text\"><strong>\u00daltimas Not\u00edcias<\/strong><\/h2><\/div><\/div>\n\n\n\n<div style=\"height:15px\" aria-hidden=\"true\" class=\"wp-block-spacer\"><\/div>\n\n\n\n<section id=\"gbc3b4a\" class=\"wp-block-gutentor-p4 section-gbc3b4a gutentor-post-module gutentor-advanced-post-module\" data-gpid=\"2257\" data-l-ani=\"gp4-animation-1\" data-i-b=\"gutentor\/p1\" data-maxnumpages=\"1\">\n<div id=\"section-g379af9\" class=\"wp-block-gutentor-e16 section-g379af9 gutentor-element gutentor-post-header\"><div class=\"grid-container\"><div class=\"grid-row\">\n<div id=\"col-gm5bfdac\" class=\"wp-block-gutentor-e15 gutentor-single-column  grid-lg-5 grid-md-5 grid-5\"><div id=\"section-gm5bfdac\" class=\"section-gm5bfdac gutentor-col-wrap\"><\/div><\/div>\n\n\n\n<div id=\"col-gm3bd810\" class=\"wp-block-gutentor-e15 gutentor-single-column  grid-lg-5 grid-md-5 grid-5\"><div id=\"section-gm3bd810\" class=\"section-gm3bd810 gutentor-col-wrap\"><\/div><\/div>\n\n\n\n<div id=\"col-gm5c8b7a\" class=\"wp-block-gutentor-e15 gutentor-single-column  grid-lg-2 grid-md-2 grid-2\"><div id=\"section-gm5c8b7a\" class=\"section-gm5c8b7a gutentor-col-wrap\"><\/div><\/div>\n<\/div><\/div><\/div>\n\n\n<section class=\"gutentor-post-module section-a2410d8e-d04d-4e60-a368-39f841243054 gutentor-post-module-p1 gutentor_p1_template1 wp-block-gutentor-p1  gutentor-enabled-width gutentor-blog-list\" id=\"a2410d8e-d04d-4e60-a368-39f841243054\" data-gbid=\"a2410d8e-d04d-4e60-a368-39f841243054\">\n<div class='grid-container'><div class='grid-row'><article class='gutentor-post gutentor-post-no-thumb'><div class='gutentor-post-item'><div class=\"gutentor-post-content\"><div class=\"gutentor-entry-meta gutentor-entry-meta-primary\"><div class=\"gutentor-meta-categories\"><i class=\"fas fa-tags\"><\/i><a href=\"https:\/\/sinicesp.org.br\/index.php\/tag\/noticia\/\" rel=\"tag\">NOT\u00cdCIA<\/a><\/div><\/div><div class=\"gutentor-post-title-data-wrap\"><h3 class=\"gutentor-post-title\"><a href=\"https:\/\/sinicesp.org.br\/index.php\/2026\/04\/29\/associacoes-empresariais-lancam-coalizao-inedita-de-enfrentamento-a-desinformacao-no-brasil\/\" rel=\"bookmark\">Associa\u00e7\u00f5es empresariais lan\u00e7am Coaliz\u00e3o in\u00e9dita de enfrentamento \u00e0 desinforma\u00e7\u00e3o no Brasil<\/a><\/h3><\/div><div class=\"gutentor-post-desc\">Relat\u00f3rios Internacionais apontam para a desinforma\u00e7\u00e3o como um dos principais fatores de risco global nos pr\u00f3ximos anos. Para fortalecer o setor empresarial, o Instituto Ethos lidera a Coaliz\u00e3o Empres&hellip;<\/div><a class=\"gutentor-button gutentor-post-button\" href=\"https:\/\/sinicesp.org.br\/index.php\/2026\/04\/29\/associacoes-empresariais-lancam-coalizao-inedita-de-enfrentamento-a-desinformacao-no-brasil\/\"><span>LEIA MAIS<\/span><\/a><\/div><\/div><\/article><article class='gutentor-post'><div class='gutentor-post-item'><div class='gutentor-post-image-box'><div class=\"gutentor-image-thumb\"><img loading=\"lazy\" decoding=\"async\" width=\"250\" height=\"167\" src=\"https:\/\/sinicesp.org.br\/wp-content\/uploads\/2026\/03\/2026-ods-na-pratica.jpg\" class=\"attachment-full size-full wp-post-image\" alt=\"\" \/><\/div><\/div><div class=\"gutentor-post-content\"><div class=\"gutentor-entry-meta gutentor-entry-meta-primary\"><div class=\"gutentor-meta-categories\"><i class=\"fas fa-tags\"><\/i><a href=\"https:\/\/sinicesp.org.br\/index.php\/tag\/noticia\/\" rel=\"tag\">NOT\u00cdCIA<\/a><\/div><\/div><div class=\"gutentor-post-title-data-wrap\"><h3 class=\"gutentor-post-title\"><a href=\"https:\/\/sinicesp.org.br\/index.php\/2026\/03\/18\/tcesp-lanca-quarto-modulo-de-trilha-de-aprendizagem-sobre-objetivos-de-desenvolvimento-sustentavel\/\" rel=\"bookmark\">TCESP lan\u00e7a quarto m\u00f3dulo de Trilha de Aprendizagem sobre Objetivos de Desenvolvimento Sustent\u00e1vel<\/a><\/h3><\/div><div class=\"gutentor-post-desc\">O Tribunal de Contas do Estado de S\u00e3o Paulo (TCESP), por meio da Escola Paulista de Contas P\u00fablicas (EPCP), disponibilizou nesta quarta-feira (11\/3)&hellip;<\/div><a class=\"gutentor-button gutentor-post-button\" href=\"https:\/\/sinicesp.org.br\/index.php\/2026\/03\/18\/tcesp-lanca-quarto-modulo-de-trilha-de-aprendizagem-sobre-objetivos-de-desenvolvimento-sustentavel\/\"><span>LEIA MAIS<\/span><\/a><\/div><\/div><\/article><article class='gutentor-post gutentor-post-no-thumb'><div class='gutentor-post-item'><div class=\"gutentor-post-content\"><div class=\"gutentor-entry-meta gutentor-entry-meta-primary\"><div class=\"gutentor-meta-categories\"><i class=\"fas fa-tags\"><\/i><a href=\"https:\/\/sinicesp.org.br\/index.php\/tag\/noticia\/\" rel=\"tag\">NOT\u00cdCIA<\/a><\/div><\/div><div class=\"gutentor-post-title-data-wrap\"><h3 class=\"gutentor-post-title\"><a href=\"https:\/\/sinicesp.org.br\/index.php\/2026\/02\/25\/fim-do-esg-ignorar-riscos-nunca-foi-bom-negocio\/\" rel=\"bookmark\">Fim do ESG? Ignorar riscos nunca foi bom neg\u00f3cio<\/a><\/h3><\/div><div class=\"gutentor-post-desc\">Parece tentador em tempos de confus\u00e3o geopol\u00edtica, mas n\u00e3o \u00e9 boa estrat\u00e9gia de gest\u00e3o corporativa.&hellip;<\/div><a class=\"gutentor-button gutentor-post-button\" href=\"https:\/\/sinicesp.org.br\/index.php\/2026\/02\/25\/fim-do-esg-ignorar-riscos-nunca-foi-bom-negocio\/\"><span>LEIA MAIS<\/span><\/a><\/div><\/div><\/article><article class='gutentor-post'><div class='gutentor-post-item'><div class='gutentor-post-image-box'><div class=\"gutentor-image-thumb\"><img loading=\"lazy\" decoding=\"async\" width=\"250\" height=\"167\" src=\"https:\/\/sinicesp.org.br\/wp-content\/uploads\/2025\/12\/sinimail-2025-42-destaque.jpg\" class=\"attachment-full size-full wp-post-image\" alt=\"\" \/><\/div><\/div><div class=\"gutentor-post-content\"><div class=\"gutentor-entry-meta gutentor-entry-meta-primary\"><div class=\"gutentor-meta-categories\"><i class=\"fas fa-tags\"><\/i><a href=\"https:\/\/sinicesp.org.br\/index.php\/tag\/sinimail-no-42-18-12-2025\/\" rel=\"tag\">Sinimail n\u00ba 42 &#8211; 18\/12\/2025<\/a><\/div><\/div><div class=\"gutentor-post-title-data-wrap\"><h3 class=\"gutentor-post-title\"><a href=\"https:\/\/sinicesp.org.br\/index.php\/2025\/12\/18\/sinicesp-renova-com-senai-termo-de-cooperacao-para-qualificacao-e-capacitacao-de-trabalhadores-do-setor-da-construcao-pesada\/\" rel=\"bookmark\">SINICESP renova com SENAI termo de coopera\u00e7\u00e3o para qualifica\u00e7\u00e3o e capacita\u00e7\u00e3o de trabalhadores do setor da constru\u00e7\u00e3o pesada<\/a><\/h3><\/div><div class=\"gutentor-post-desc\">As empresas associadas ao SINICESP podem contar com cursos de qualifica\u00e7\u00e3o e capacita\u00e7\u00e3o de trabalhadores para mais de 40 fun\u00e7\u00f5es diferentes do setor da constru\u00e7\u00e3o pesada. N\u00e3o haver\u00e1 custos para as em&hellip;<\/div><a class=\"gutentor-button gutentor-post-button\" href=\"https:\/\/sinicesp.org.br\/index.php\/2025\/12\/18\/sinicesp-renova-com-senai-termo-de-cooperacao-para-qualificacao-e-capacitacao-de-trabalhadores-do-setor-da-construcao-pesada\/\"><span>LEIA MAIS<\/span><\/a><\/div><\/div><\/article><article class='gutentor-post gutentor-post-no-thumb'><div class='gutentor-post-item'><div class=\"gutentor-post-content\"><div class=\"gutentor-entry-meta gutentor-entry-meta-primary\"><div class=\"gutentor-meta-categories\"><i class=\"fas fa-tags\"><\/i><a href=\"https:\/\/sinicesp.org.br\/index.php\/tag\/noticia\/\" rel=\"tag\">NOT\u00cdCIA<\/a><\/div><\/div><div class=\"gutentor-post-title-data-wrap\"><h3 class=\"gutentor-post-title\"><a href=\"https:\/\/sinicesp.org.br\/index.php\/2025\/11\/19\/sp-lanca-plano-que-preve-ate-16h-de-restricao-de-agua-e-rodizio-em-casos-extremos\/\" rel=\"bookmark\">SP lan\u00e7a plano que prev\u00ea at\u00e9 16h de restri\u00e7\u00e3o de \u00e1gua e rod\u00edzio em casos extremos<\/a><\/h3><\/div><div class=\"gutentor-post-desc\">A Ag\u00eancia Reguladora de Servi\u00e7os P\u00fablicos do Estado de S\u00e3o Paulo (Arsesp) acaba de lan\u00e7ar um plano de contingenciamento que prev\u00ea redu\u00e7\u00e3o de at\u00e9 16 horas na press\u00e3o nos encanamentos de distribui\u00e7\u00e3o de&hellip;<\/div><a class=\"gutentor-button gutentor-post-button\" href=\"https:\/\/sinicesp.org.br\/index.php\/2025\/11\/19\/sp-lanca-plano-que-preve-ate-16h-de-restricao-de-agua-e-rodizio-em-casos-extremos\/\"><span>LEIA MAIS<\/span><\/a><\/div><\/div><\/article><article class='gutentor-post'><div class='gutentor-post-item'><div class='gutentor-post-image-box'><div class=\"gutentor-image-thumb\"><img loading=\"lazy\" decoding=\"async\" width=\"250\" height=\"167\" src=\"https:\/\/sinicesp.org.br\/wp-content\/uploads\/2025\/11\/ultimas-2025-10-destaque.jpg\" class=\"attachment-full size-full wp-post-image\" alt=\"\" \/><\/div><\/div><div class=\"gutentor-post-content\"><div class=\"gutentor-entry-meta gutentor-entry-meta-primary\"><div class=\"gutentor-meta-categories\"><i class=\"fas fa-tags\"><\/i><a href=\"https:\/\/sinicesp.org.br\/index.php\/tag\/ultimas-noticias-no-10-10-11-2025\/\" rel=\"tag\">\u00daltimas Not\u00edcias n\u00ba 10 (10\/11\/2025)<\/a><\/div><\/div><div class=\"gutentor-post-title-data-wrap\"><h3 class=\"gutentor-post-title\"><a href=\"https:\/\/sinicesp.org.br\/index.php\/2025\/11\/10\/frente-parlamentar-esg-discute-politicas-publicas-para-fomentar-acoes-sustentaveis-no-setor-publico-e-privado\/\" rel=\"bookmark\">Frente Parlamentar ESG discute pol\u00edticas p\u00fablicas para fomentar a\u00e7\u00f5es sustent\u00e1veis no setor p\u00fablico e privado<\/a><\/h3><\/div><div class=\"gutentor-post-desc\">A Assembleia Legislativa do Estado de S\u00e3o Paulo realizou, no dia 11 de novembro, mais uma reuni\u00e3o da Frente Parlamentar ESG. A sigla &#8220;ESG&#8221; significa Environmental, Social and Governance (Ambiental, So&hellip;<\/div><a class=\"gutentor-button gutentor-post-button\" href=\"https:\/\/sinicesp.org.br\/index.php\/2025\/11\/10\/frente-parlamentar-esg-discute-politicas-publicas-para-fomentar-acoes-sustentaveis-no-setor-publico-e-privado\/\"><span>LEIA MAIS<\/span><\/a><\/div><\/div><\/article><article class='gutentor-post'><div class='gutentor-post-item'><div class='gutentor-post-image-box'><div class=\"gutentor-image-thumb\"><img loading=\"lazy\" decoding=\"async\" width=\"250\" height=\"167\" src=\"https:\/\/sinicesp.org.br\/wp-content\/uploads\/2025\/09\/sinimail-2025-33-destaque.jpg\" class=\"attachment-full size-full wp-post-image\" alt=\"\" \/><\/div><\/div><div class=\"gutentor-post-content\"><div class=\"gutentor-entry-meta gutentor-entry-meta-primary\"><div class=\"gutentor-meta-categories\"><i class=\"fas fa-tags\"><\/i><a href=\"https:\/\/sinicesp.org.br\/index.php\/tag\/sinimail-no-33-16-09-2025\/\" rel=\"tag\">Sinimail n\u00ba 33 &#8211; 16\/09\/2025<\/a><\/div><\/div><div class=\"gutentor-post-title-data-wrap\"><h3 class=\"gutentor-post-title\"><a href=\"https:\/\/sinicesp.org.br\/index.php\/2025\/09\/16\/governo-do-estado-de-sao-paulo-regulamenta-a-avaliacao-de-programas-de-integridade-de-pessoas-juridicas-nas-contratacoes\/\" rel=\"bookmark\">Governo do Estado de S\u00e3o Paulo regulamenta a avalia\u00e7\u00e3o de programas de integridade de pessoas jur\u00eddicas nas contrata\u00e7\u00f5es<\/a><\/h3><\/div><div class=\"gutentor-post-desc\">O Governo do Estado de S\u00e3o Paulo, por meio da Controladoria Geral do Estado, publicou o Decreto n\u00ba 69.861, que disciplina a avalia\u00e7\u00e3o de programas de integridade de pessoas jur\u00eddicas nas contrata\u00e7\u00f5es &hellip;<\/div><a class=\"gutentor-button gutentor-post-button\" href=\"https:\/\/sinicesp.org.br\/index.php\/2025\/09\/16\/governo-do-estado-de-sao-paulo-regulamenta-a-avaliacao-de-programas-de-integridade-de-pessoas-juridicas-nas-contratacoes\/\"><span>LEIA MAIS<\/span><\/a><\/div><\/div><\/article><article class='gutentor-post gutentor-post-no-thumb'><div class='gutentor-post-item'><div class=\"gutentor-post-content\"><div class=\"gutentor-entry-meta gutentor-entry-meta-primary\"><div class=\"gutentor-meta-categories\"><i class=\"fas fa-tags\"><\/i><a href=\"https:\/\/sinicesp.org.br\/index.php\/tag\/noticia\/\" rel=\"tag\">NOT\u00cdCIA<\/a><\/div><\/div><div class=\"gutentor-post-title-data-wrap\"><h3 class=\"gutentor-post-title\"><a href=\"https:\/\/sinicesp.org.br\/index.php\/2025\/07\/18\/cidade-com-melhor-saneamento-basico-do-brasil-fica-em-sp-confira-ranking\/\" rel=\"bookmark\">Cidade com melhor saneamento b\u00e1sico do Brasil fica em SP; confira ranking<\/a><\/h3><\/div><div class=\"gutentor-post-desc\">Nove cidades paulistas est\u00e3o entre as vinte melhores do pa\u00eds; capital do estado ocupa 15\u00b0 lugar&hellip;<\/div><a class=\"gutentor-button gutentor-post-button\" href=\"https:\/\/sinicesp.org.br\/index.php\/2025\/07\/18\/cidade-com-melhor-saneamento-basico-do-brasil-fica-em-sp-confira-ranking\/\"><span>LEIA MAIS<\/span><\/a><\/div><\/div><\/article><article class='gutentor-post'><div class='gutentor-post-item'><div class='gutentor-post-image-box'><div class=\"gutentor-image-thumb\"><img loading=\"lazy\" decoding=\"async\" width=\"250\" height=\"167\" src=\"https:\/\/sinicesp.org.br\/wp-content\/uploads\/2025\/07\/sinimail-2025-25-destaque.jpg\" class=\"attachment-full size-full wp-post-image\" alt=\"\" \/><\/div><\/div><div class=\"gutentor-post-content\"><div class=\"gutentor-entry-meta gutentor-entry-meta-primary\"><div class=\"gutentor-meta-categories\"><i class=\"fas fa-tags\"><\/i><a href=\"https:\/\/sinicesp.org.br\/index.php\/tag\/sinimail-no-26-01-07-2025\/\" rel=\"tag\">Sinimail n\u00ba 26 &#8211; 01\/07\/2025<\/a><\/div><\/div><div class=\"gutentor-post-title-data-wrap\"><h3 class=\"gutentor-post-title\"><a href=\"https:\/\/sinicesp.org.br\/index.php\/2025\/07\/01\/programas-de-integridade-no-setor-de-infraestrutura\/\" rel=\"bookmark\">Programas de integridade no setor de infraestrutura<\/a><\/h3><\/div><div class=\"gutentor-post-desc\">O Governo do Estado de S\u00e3o Paulo prossegue na implanta\u00e7\u00e3o do Plano de Combate \u00e0 Corrup\u00e7\u00e3o sob a coordena\u00e7\u00e3o da Controladoria Geral do Estado e planeja regulamentar a aplica\u00e7\u00e3o da lei de licita\u00e7\u00f5es com&hellip;<\/div><a class=\"gutentor-button gutentor-post-button\" href=\"https:\/\/sinicesp.org.br\/index.php\/2025\/07\/01\/programas-de-integridade-no-setor-de-infraestrutura\/\"><span>LEIA MAIS<\/span><\/a><\/div><\/div><\/article><article class='gutentor-post gutentor-post-no-thumb'><div class='gutentor-post-item'><div class=\"gutentor-post-content\"><div class=\"gutentor-entry-meta gutentor-entry-meta-primary\"><div class=\"gutentor-meta-categories\"><i class=\"fas fa-tags\"><\/i><a href=\"https:\/\/sinicesp.org.br\/index.php\/tag\/noticia\/\" rel=\"tag\">NOT\u00cdCIA<\/a><\/div><\/div><div class=\"gutentor-post-title-data-wrap\"><h3 class=\"gutentor-post-title\"><a href=\"https:\/\/sinicesp.org.br\/index.php\/2025\/06\/30\/impacto-socioeconomico-do-saneamento-na-bacia-do-rio-pinheiros-pode-chegar-a-r-16-bi-diz-instituto-trata-brasil\/\" rel=\"bookmark\">Impacto socioecon\u00f4mico do saneamento na bacia do rio Pinheiros pode chegar a R$ 16 bi, diz Instituto Trata Brasil<\/a><\/h3><\/div><div class=\"gutentor-post-desc\">O trabalho de revitaliza\u00e7\u00e3o na Bacia do Rio Pinheiros deve gerar benef\u00edcio socioecon\u00f4mico de R$ 16 bilh\u00f5es na \u00e1rea atendida, segundo estudo divulgado nesta segunda-feira pelo Instituto Trata Brasil e &hellip;<\/div><a class=\"gutentor-button gutentor-post-button\" href=\"https:\/\/sinicesp.org.br\/index.php\/2025\/06\/30\/impacto-socioeconomico-do-saneamento-na-bacia-do-rio-pinheiros-pode-chegar-a-r-16-bi-diz-instituto-trata-brasil\/\"><span>LEIA MAIS<\/span><\/a><\/div><\/div><\/article><article class='gutentor-post gutentor-post-no-thumb'><div class='gutentor-post-item'><div class=\"gutentor-post-content\"><div class=\"gutentor-entry-meta gutentor-entry-meta-primary\"><div class=\"gutentor-meta-categories\"><i class=\"fas fa-tags\"><\/i><a href=\"https:\/\/sinicesp.org.br\/index.php\/tag\/noticia\/\" rel=\"tag\">NOT\u00cdCIA<\/a><\/div><\/div><div class=\"gutentor-post-title-data-wrap\"><h3 class=\"gutentor-post-title\"><a href=\"https:\/\/sinicesp.org.br\/index.php\/2025\/05\/30\/emenda-garante-dispensa-de-licenca-ambiental-para-saneamento-ate-2033-2\/\" rel=\"bookmark\">Emenda garante dispensa de licen\u00e7a ambiental para saneamento at\u00e9 2033<\/a><\/h3><\/div><div class=\"gutentor-post-desc\">Uma emenda inclu\u00edda no projeto de lei 2.159\/21, aprovado nesta quarta-feira (21) \u00e0 noite pelo Senado, dispensou de licen\u00e7a ambiental novas esta\u00e7\u00f5es de tratamento de \u00e1gua e esgoto at\u00e9 que sejam atingid&hellip;<\/div><a class=\"gutentor-button gutentor-post-button\" href=\"https:\/\/sinicesp.org.br\/index.php\/2025\/05\/30\/emenda-garante-dispensa-de-licenca-ambiental-para-saneamento-ate-2033-2\/\"><span>LEIA MAIS<\/span><\/a><\/div><\/div><\/article><article class='gutentor-post'><div class='gutentor-post-item'><div class='gutentor-post-image-box'><div class=\"gutentor-image-thumb\"><img loading=\"lazy\" decoding=\"async\" width=\"250\" height=\"167\" src=\"https:\/\/sinicesp.org.br\/wp-content\/uploads\/2025\/04\/sinimail-2025-16-destaque.jpg\" class=\"attachment-full size-full wp-post-image\" alt=\"\" \/><\/div><\/div><div class=\"gutentor-post-content\"><div class=\"gutentor-entry-meta gutentor-entry-meta-primary\"><div class=\"gutentor-meta-categories\"><i class=\"fas fa-tags\"><\/i><a href=\"https:\/\/sinicesp.org.br\/index.php\/tag\/sinimail-no-16-16-04-2025\/\" rel=\"tag\">Sinimail n\u00ba 16 &#8211; 16\/04\/2025<\/a><\/div><\/div><div class=\"gutentor-post-title-data-wrap\"><h3 class=\"gutentor-post-title\"><a href=\"https:\/\/sinicesp.org.br\/index.php\/2025\/04\/16\/as-praticas-de-esg-na-construcao-pesada\/\" rel=\"bookmark\">As pr\u00e1ticas de ESG na constru\u00e7\u00e3o pesada<\/a><\/h3><\/div><div class=\"gutentor-post-desc\">As quest\u00f5es relacionadas aos princ\u00edpios e pr\u00e1ticas de ESG &#8211; Environmental, Social and Governance&#8221; (Ambiental, Social e Governan\u00e7a) est\u00e3o cada vez mais inseridas no desenvolvimento de todas as atividad&hellip;<\/div><a class=\"gutentor-button gutentor-post-button\" href=\"https:\/\/sinicesp.org.br\/index.php\/2025\/04\/16\/as-praticas-de-esg-na-construcao-pesada\/\"><span>LEIA MAIS<\/span><\/a><\/div><\/div><\/article><article class='gutentor-post gutentor-post-no-thumb'><div class='gutentor-post-item'><div class=\"gutentor-post-content\"><div class=\"gutentor-entry-meta gutentor-entry-meta-primary\"><div class=\"gutentor-meta-categories\"><i class=\"fas fa-tags\"><\/i><a href=\"https:\/\/sinicesp.org.br\/index.php\/tag\/noticia\/\" rel=\"tag\">NOT\u00cdCIA<\/a><\/div><\/div><div class=\"gutentor-post-title-data-wrap\"><h3 class=\"gutentor-post-title\"><a href=\"https:\/\/sinicesp.org.br\/index.php\/2025\/03\/31\/concessionarias-de-rodovias-lancam-documento-com-praticas-de-esg\/\" rel=\"bookmark\">CONCESSION\u00c1RIAS DE RODOVIAS LAN\u00c7AM DOCUMENTO COM PR\u00c1TICAS DE ESG<\/a><\/h3><\/div><div class=\"gutentor-post-desc\">Dados, indicadores de desempenho, exemplos de boas pr\u00e1ticas e casos inspiracionais em cada eixo da agenda ESG (Ambiental, Social e Governan\u00e7a) adotada pelas principais concession\u00e1rias de rodovias do p&hellip;<\/div><a class=\"gutentor-button gutentor-post-button\" href=\"https:\/\/sinicesp.org.br\/index.php\/2025\/03\/31\/concessionarias-de-rodovias-lancam-documento-com-praticas-de-esg\/\"><span>LEIA MAIS<\/span><\/a><\/div><\/div><\/article><article class='gutentor-post'><div class='gutentor-post-item'><div class='gutentor-post-image-box'><div class=\"gutentor-image-thumb\"><img loading=\"lazy\" decoding=\"async\" width=\"250\" height=\"167\" src=\"https:\/\/sinicesp.org.br\/wp-content\/uploads\/2025\/02\/2025-empresas-que-ignoram.jpg\" class=\"attachment-full size-full wp-post-image\" alt=\"\" \/><\/div><\/div><div class=\"gutentor-post-content\"><div class=\"gutentor-entry-meta gutentor-entry-meta-primary\"><div class=\"gutentor-meta-categories\"><i class=\"fas fa-tags\"><\/i><a href=\"https:\/\/sinicesp.org.br\/index.php\/tag\/noticia\/\" rel=\"tag\">NOT\u00cdCIA<\/a><\/div><\/div><div class=\"gutentor-post-title-data-wrap\"><h3 class=\"gutentor-post-title\"><a href=\"https:\/\/sinicesp.org.br\/index.php\/2025\/02\/21\/empresas-que-ignoram-o-esg-podem-estar-com-os-dias-contados\/\" rel=\"bookmark\">Empresas que ignoram o ESG podem estar com os dias contados<\/a><\/h3><\/div><div class=\"gutentor-post-desc\">O conceito\u00a0ESG, que representa\u00a0Environmental, Social, and Governance, tornou-se uma pedra angular para avaliar a responsabilidade empresarial.&hellip;<\/div><a class=\"gutentor-button gutentor-post-button\" href=\"https:\/\/sinicesp.org.br\/index.php\/2025\/02\/21\/empresas-que-ignoram-o-esg-podem-estar-com-os-dias-contados\/\"><span>LEIA MAIS<\/span><\/a><\/div><\/div><\/article><article class='gutentor-post'><div class='gutentor-post-item'><div class='gutentor-post-image-box'><div class=\"gutentor-image-thumb\"><img loading=\"lazy\" decoding=\"async\" width=\"250\" height=\"167\" src=\"https:\/\/sinicesp.org.br\/wp-content\/uploads\/2025\/02\/2025-entenda-o-impacto.jpg\" class=\"attachment-full size-full wp-post-image\" alt=\"\" \/><\/div><\/div><div class=\"gutentor-post-content\"><div class=\"gutentor-entry-meta gutentor-entry-meta-primary\"><div class=\"gutentor-meta-categories\"><i class=\"fas fa-tags\"><\/i><a href=\"https:\/\/sinicesp.org.br\/index.php\/tag\/noticia\/\" rel=\"tag\">NOT\u00cdCIA<\/a><\/div><\/div><div class=\"gutentor-post-title-data-wrap\"><h3 class=\"gutentor-post-title\"><a href=\"https:\/\/sinicesp.org.br\/index.php\/2025\/02\/21\/entenda-o-impacto-do-esg-na-transformacao-das-empresas-e-no-futuro-dos-negocios\/\" rel=\"bookmark\">Entenda o impacto do ESG na transforma\u00e7\u00e3o das empresas e no futuro dos neg\u00f3cios<\/a><\/h3><\/div><div class=\"gutentor-post-desc\">O termo ESG \u00e9 uma sigla para\u00a0Environmental, Social, and Governance, que em portugu\u00eas significa Ambiental, Social e Governan\u00e7a.&hellip;<\/div><a class=\"gutentor-button gutentor-post-button\" href=\"https:\/\/sinicesp.org.br\/index.php\/2025\/02\/21\/entenda-o-impacto-do-esg-na-transformacao-das-empresas-e-no-futuro-dos-negocios\/\"><span>LEIA MAIS<\/span><\/a><\/div><\/div><\/article><article class='gutentor-post gutentor-post-no-thumb'><div class='gutentor-post-item'><div class=\"gutentor-post-content\"><div class=\"gutentor-entry-meta gutentor-entry-meta-primary\"><div class=\"gutentor-meta-categories\"><i class=\"fas fa-tags\"><\/i><a href=\"https:\/\/sinicesp.org.br\/index.php\/tag\/noticia\/\" rel=\"tag\">NOT\u00cdCIA<\/a><\/div><\/div><div class=\"gutentor-post-title-data-wrap\"><h3 class=\"gutentor-post-title\"><a href=\"https:\/\/sinicesp.org.br\/index.php\/2025\/01\/15\/saneamento-basico-e-um-dos-maiores-desafios-dos-novos-prefeitos\/\" rel=\"bookmark\">Saneamento b\u00e1sico \u00e9 um dos maiores desafios dos novos prefeitos<\/a><\/h3><\/div><div class=\"gutentor-post-desc\">Os pr\u00f3ximos quatro anos ser\u00e3o decisivos para o cumprimento das metas do Marco Legal do\u00a0Saneamento\u00a0que o Brasil ainda segue longe de alcan\u00e7ar&hellip;<\/div><a class=\"gutentor-button gutentor-post-button\" href=\"https:\/\/sinicesp.org.br\/index.php\/2025\/01\/15\/saneamento-basico-e-um-dos-maiores-desafios-dos-novos-prefeitos\/\"><span>LEIA MAIS<\/span><\/a><\/div><\/div><\/article><article class='gutentor-post'><div class='gutentor-post-item'><div class='gutentor-post-image-box'><div class=\"gutentor-image-thumb\"><img loading=\"lazy\" decoding=\"async\" width=\"250\" height=\"167\" src=\"https:\/\/sinicesp.org.br\/wp-content\/uploads\/2024\/12\/ultimas-2024-51-destaque.jpg\" class=\"attachment-full size-full wp-post-image\" alt=\"\" \/><\/div><\/div><div class=\"gutentor-post-content\"><div class=\"gutentor-entry-meta gutentor-entry-meta-primary\"><div class=\"gutentor-meta-categories\"><i class=\"fas fa-tags\"><\/i><a href=\"https:\/\/sinicesp.org.br\/index.php\/tag\/ultimas-noticias-no-51-06-12-2024\/\" rel=\"tag\">\u00daltimas Not\u00edcias n\u00ba 51 (06\/12\/2024)<\/a><\/div><\/div><div class=\"gutentor-post-title-data-wrap\"><h3 class=\"gutentor-post-title\"><a href=\"https:\/\/sinicesp.org.br\/index.php\/2024\/12\/06\/30a-conferencia-da-onu-sobre-mudancas-climaticas-sera-no-brasil\/\" rel=\"bookmark\">30\u00aa Confer\u00eancia da ONU sobre Mudan\u00e7as Clim\u00e1ticas ser\u00e1 no Brasil<\/a><\/h3><\/div><div class=\"gutentor-post-desc\">O estado do Par\u00e1 ser\u00e1 a sede da 30\u00aa Confer\u00eancia da ONU sobre Mudan\u00e7as Clim\u00e1ticas (COP30), em novembro de 2025.&hellip;<\/div><a class=\"gutentor-button gutentor-post-button\" href=\"https:\/\/sinicesp.org.br\/index.php\/2024\/12\/06\/30a-conferencia-da-onu-sobre-mudancas-climaticas-sera-no-brasil\/\"><span>LEIA MAIS<\/span><\/a><\/div><\/div><\/article><article class='gutentor-post'><div class='gutentor-post-item'><div class='gutentor-post-image-box'><div class=\"gutentor-image-thumb\"><img loading=\"lazy\" decoding=\"async\" width=\"250\" height=\"167\" src=\"https:\/\/sinicesp.org.br\/wp-content\/uploads\/2024\/11\/2024-carbon.jpg\" class=\"attachment-full size-full wp-post-image\" alt=\"\" \/><\/div><\/div><div class=\"gutentor-post-content\"><div class=\"gutentor-entry-meta gutentor-entry-meta-primary\"><div class=\"gutentor-meta-categories\"><i class=\"fas fa-tags\"><\/i><a href=\"https:\/\/sinicesp.org.br\/index.php\/tag\/noticia\/\" rel=\"tag\">NOT\u00cdCIA<\/a><\/div><\/div><div class=\"gutentor-post-title-data-wrap\"><h3 class=\"gutentor-post-title\"><a href=\"https:\/\/sinicesp.org.br\/index.php\/2024\/11\/29\/as-mudancas-climaticas-no-setor-de-saneamento-como-tempestades-secas-e-ondas-de-calor-impactam-o-consumo-de-agua\/\" rel=\"bookmark\">As Mudan\u00e7as Clim\u00e1ticas no Setor de Saneamento: Como tempestades, secas e ondas de calor impactam o consumo de \u00e1gua?<\/a><\/h3><\/div><div class=\"gutentor-post-desc\">Os efeitos negativos das mudan\u00e7as clim\u00e1ticas s\u00e3o e ser\u00e3o cada vez mais frequentes. Fen\u00f4menos como ondas de calor, secas e tempestades t\u00eam impactos diretos nos mais diversos setores da sociedade.&hellip;<\/div><a class=\"gutentor-button gutentor-post-button\" href=\"https:\/\/sinicesp.org.br\/index.php\/2024\/11\/29\/as-mudancas-climaticas-no-setor-de-saneamento-como-tempestades-secas-e-ondas-de-calor-impactam-o-consumo-de-agua\/\"><span>LEIA MAIS<\/span><\/a><\/div><\/div><\/article><article class='gutentor-post'><div class='gutentor-post-item'><div class='gutentor-post-image-box'><div class=\"gutentor-image-thumb\"><img loading=\"lazy\" decoding=\"async\" width=\"250\" height=\"167\" src=\"https:\/\/sinicesp.org.br\/wp-content\/uploads\/2024\/11\/2024-saneamento.jpg\" class=\"attachment-full size-full wp-post-image\" alt=\"\" \/><\/div><\/div><div class=\"gutentor-post-content\"><div class=\"gutentor-entry-meta gutentor-entry-meta-primary\"><div class=\"gutentor-meta-categories\"><i class=\"fas fa-tags\"><\/i><a href=\"https:\/\/sinicesp.org.br\/index.php\/tag\/noticia\/\" rel=\"tag\">NOT\u00cdCIA<\/a><\/div><\/div><div class=\"gutentor-post-title-data-wrap\"><h3 class=\"gutentor-post-title\"><a href=\"https:\/\/sinicesp.org.br\/index.php\/2024\/10\/31\/opiniao-universalizar-o-saneamento-a-parceria-necessaria-entre-gestao-publica-e-capital-privado\/\" rel=\"bookmark\">Opini\u00e3o | Universalizar o saneamento: a parceria necess\u00e1ria entre gest\u00e3o p\u00fablica e capital privado<\/a><\/h3><\/div><div class=\"gutentor-post-desc\">Est\u00e1 nas m\u00e3os dos novos administradores perseguir a meta de universaliza\u00e7\u00e3o em todos os munic\u00edpios at\u00e9 2033, como determina o novo marco&hellip;<\/div><a class=\"gutentor-button gutentor-post-button\" href=\"https:\/\/sinicesp.org.br\/index.php\/2024\/10\/31\/opiniao-universalizar-o-saneamento-a-parceria-necessaria-entre-gestao-publica-e-capital-privado\/\"><span>LEIA MAIS<\/span><\/a><\/div><\/div><\/article><article class='gutentor-post'><div class='gutentor-post-item'><div class='gutentor-post-image-box'><div class=\"gutentor-image-thumb\"><img loading=\"lazy\" decoding=\"async\" width=\"250\" height=\"167\" src=\"https:\/\/sinicesp.org.br\/wp-content\/uploads\/2024\/09\/2024-relatorio.jpg\" class=\"attachment-full size-full wp-post-image\" alt=\"\" \/><\/div><\/div><div class=\"gutentor-post-content\"><div class=\"gutentor-entry-meta gutentor-entry-meta-primary\"><div class=\"gutentor-meta-categories\"><i class=\"fas fa-tags\"><\/i><a href=\"https:\/\/sinicesp.org.br\/index.php\/tag\/noticia\/\" rel=\"tag\">NOT\u00cdCIA<\/a><\/div><\/div><div class=\"gutentor-post-title-data-wrap\"><h3 class=\"gutentor-post-title\"><a href=\"https:\/\/sinicesp.org.br\/index.php\/2024\/09\/10\/brasil-tem-duas-cidades-entre-as-vulneraveis-para-riscos-da-elevacao-do-nivel-do-mar\/\" rel=\"bookmark\">Brasil tem duas cidades entre as vulner\u00e1veis para riscos da eleva\u00e7\u00e3o do n\u00edvel do mar<\/a><\/h3><\/div><div class=\"gutentor-post-desc\">Relat\u00f3rio da ONU faz alerta para graves preju\u00edzos \u00e0s cidades que t\u00eam a economia baseada em atividades costeiras, al\u00e9m de chamar aten\u00e7\u00e3o para o aumento de eventos extremos&hellip;<\/div><a class=\"gutentor-button gutentor-post-button\" href=\"https:\/\/sinicesp.org.br\/index.php\/2024\/09\/10\/brasil-tem-duas-cidades-entre-as-vulneraveis-para-riscos-da-elevacao-do-nivel-do-mar\/\"><span>LEIA MAIS<\/span><\/a><\/div><\/div><\/article><\/div><\/div><\/section>\n\n\n<div id=\"section-g965df1\" class=\"wp-block-gutentor-e17 section-g965df1 gutentor-element gutentor-post-footer\"><div class=\"grid-container\"><div class=\"grid-row\">\n<div id=\"col-gm46c2ca\" class=\"wp-block-gutentor-e15 gutentor-single-column  grid-lg-12 grid-md-12 grid-12\"><div id=\"section-gm46c2ca\" class=\"section-gm46c2ca gutentor-col-wrap\">\n<div id=\"section-g2e385c\" class=\"wp-block-gutentor-e12 alignfull section-g2e385c gutentor-element gutentor-element-pagination text-align-center-desktop text-align-center-mobile\"><div class=\"gutentor-pagination-wrap\" data-maxnumpages=\"1\"><ul class=\"gutentor-pagination\"><li class=\"gutentor-pagination-item gutentor-pagination-prev\"><a class=\"gutentor-pagination-link gutentor-disabled\" href=\"#\"><i class=\"fas fa-angle-left\"><\/i>P\u00e1gina anterior<\/a><\/li><li class=\"gutentor-pagination-item gutentor-pagination-active\" data-gpage=\"1\"><a class=\"gutentor-pagination-link\" href=\"#\">1<\/a><\/li><li class=\"gutentor-pagination-item gutentor-pagination-next\"><a class=\"gutentor-pagination-link gutentor-disabled\" href=\"#\" data-gpage=\"2\">Pr\u00f3xima p\u00e1gina<i class=\"fas fa-angle-right\"><\/i><\/a><\/li><\/ul><\/div><\/div>\n<\/div><\/div>\n<\/div><\/div><\/div>\n<\/section>\n<\/div><\/section>\n","protected":false},"excerpt":{"rendered":"","protected":false},"author":1,"featured_media":0,"parent":0,"menu_order":0,"comment_status":"closed","ping_status":"closed","template":"","meta":{"om_disable_all_campaigns":false,"_uag_custom_page_level_css":"","_monsterinsights_skip_tracking":false,"_monsterinsights_sitenote_active":false,"_monsterinsights_sitenote_note":"","_monsterinsights_sitenote_category":0,"site-sidebar-layout":"default","site-content-layout":"plain-container","ast-site-content-layout":"default","site-content-style":"default","site-sidebar-style":"default","ast-global-header-display":"","ast-banner-title-visibility":"","ast-main-header-display":"","ast-hfb-above-header-display":"","ast-hfb-below-header-display":"","ast-hfb-mobile-header-display":"","site-post-title":"disabled","ast-breadcrumbs-content":"disabled","ast-featured-img":"","footer-sml-layout":"","ast-disable-related-posts":"","theme-transparent-header-meta":"default","adv-header-id-meta":"","stick-header-meta":"","header-above-stick-meta":"","header-main-stick-meta":"","header-below-stick-meta":"","astra-migrate-meta-layouts":"default","ast-page-background-enabled":"default","ast-page-background-meta":{"desktop":{"background-color":"","background-image":"","background-repeat":"repeat","background-position":"center center","background-size":"auto","background-attachment":"scroll","background-type":"","background-media":"","overlay-type":"","overlay-color":"","overlay-opacity":"","overlay-gradient":""},"tablet":{"background-color":"","background-image":"","background-repeat":"repeat","background-position":"center center","background-size":"auto","background-attachment":"scroll","background-type":"","background-media":"","overlay-type":"","overlay-color":"","overlay-opacity":"","overlay-gradient":""},"mobile":{"background-color":"","background-image":"","background-repeat":"repeat","background-position":"center center","background-size":"auto","background-attachment":"scroll","background-type":"","background-media":"","overlay-type":"","overlay-color":"","overlay-opacity":"","overlay-gradient":""}},"ast-content-background-meta":{"desktop":{"background-color":"var(--ast-global-color-5)","background-image":"","background-repeat":"repeat","background-position":"center center","background-size":"auto","background-attachment":"scroll","background-type":"","background-media":"","overlay-type":"","overlay-color":"","overlay-opacity":"","overlay-gradient":""},"tablet":{"background-color":"var(--ast-global-color-5)","background-image":"","background-repeat":"repeat","background-position":"center center","background-size":"auto","background-attachment":"scroll","background-type":"","background-media":"","overlay-type":"","overlay-color":"","overlay-opacity":"","overlay-gradient":""},"mobile":{"background-color":"var(--ast-global-color-5)","background-image":"","background-repeat":"repeat","background-position":"center center","background-size":"auto","background-attachment":"scroll","background-type":"","background-media":"","overlay-type":"","overlay-color":"","overlay-opacity":"","overlay-gradient":""}},"footnotes":""},"class_list":["post-2257","page","type-page","status-publish","hentry"],"aioseo_notices":[],"uagb_featured_image_src":{"full":false,"thumbnail":false,"medium":false,"medium_large":false,"large":false,"1536x1536":false,"2048x2048":false},"uagb_author_info":{"display_name":"Rodrigo","author_link":"https:\/\/sinicesp.org.br\/index.php\/author\/sinicesp\/"},"uagb_comment_info":0,"uagb_excerpt":null,"_links":{"self":[{"href":"https:\/\/sinicesp.org.br\/index.php\/wp-json\/wp\/v2\/pages\/2257","targetHints":{"allow":["GET"]}}],"collection":[{"href":"https:\/\/sinicesp.org.br\/index.php\/wp-json\/wp\/v2\/pages"}],"about":[{"href":"https:\/\/sinicesp.org.br\/index.php\/wp-json\/wp\/v2\/types\/page"}],"author":[{"embeddable":true,"href":"https:\/\/sinicesp.org.br\/index.php\/wp-json\/wp\/v2\/users\/1"}],"replies":[{"embeddable":true,"href":"https:\/\/sinicesp.org.br\/index.php\/wp-json\/wp\/v2\/comments?post=2257"}],"version-history":[{"count":0,"href":"https:\/\/sinicesp.org.br\/index.php\/wp-json\/wp\/v2\/pages\/2257\/revisions"}],"wp:attachment":[{"href":"https:\/\/sinicesp.org.br\/index.php\/wp-json\/wp\/v2\/media?parent=2257"}],"curies":[{"name":"wp","href":"https:\/\/api.w.org\/{rel}","templated":true}]}}